{"id":21923,"date":"2022-11-23T15:42:09","date_gmt":"2022-11-23T14:42:09","guid":{"rendered":"https:\/\/myjames.shop\/?page_id=21923"},"modified":"2022-12-06T08:13:03","modified_gmt":"2022-12-06T07:13:03","slug":"stories","status":"publish","type":"page","link":"https:\/\/james.care\/sl\/stories\/","title":{"rendered":"+\u017divljenjske zgodbe"},"content":{"rendered":"<section class=\"bde-section-21923-100 bde-section\">\n  \n  \n\t\n\n\n\n<div class=\"section-container\"><h1 class=\"bde-heading-21923-103 bde-heading\">\n\u017divljenjske zgodbe\n<\/h1><div class=\"bde-post-list-21923-105 bde-post-list\"><div class=\"bde-loop bde-loop-grid ee-posts ee-posts-grid\">    <article class=\"bde-loop-item ee-post\">\n                                <a class=\"bde-loop-item__image-link ee-post-image-link\" href=\"https:\/\/james.care\/sl\/james-notrufuhr-und-partner-bei-br24\/\" tabindex=\"-1\">\n                <div class=\"bde-loop-item__image ee-post-image\">\n                    <img loading=\"lazy\" decoding=\"async\" width=\"1342\" height=\"862\" src=\"https:\/\/james.care\/wp-content\/uploads\/2025\/09\/James-Notrufuhr-Hausnotruf-Reisezeit-Bericht-Bayrischer-Rundfunk.png\" class=\"attachment-full size-full wp-post-image\" alt=\"JAMES Notrufuhr &amp; unser Partner bei BR24\" srcset=\"https:\/\/james.care\/wp-content\/uploads\/2025\/09\/James-Notrufuhr-Hausnotruf-Reisezeit-Bericht-Bayrischer-Rundfunk.png 1342w, https:\/\/james.care\/wp-content\/uploads\/2025\/09\/James-Notrufuhr-Hausnotruf-Reisezeit-Bericht-Bayrischer-Rundfunk-300x193.png 300w, https:\/\/james.care\/wp-content\/uploads\/2025\/09\/James-Notrufuhr-Hausnotruf-Reisezeit-Bericht-Bayrischer-Rundfunk-1024x658.png 1024w, https:\/\/james.care\/wp-content\/uploads\/2025\/09\/James-Notrufuhr-Hausnotruf-Reisezeit-Bericht-Bayrischer-Rundfunk-768x493.png 768w, https:\/\/james.care\/wp-content\/uploads\/2025\/09\/James-Notrufuhr-Hausnotruf-Reisezeit-Bericht-Bayrischer-Rundfunk-18x12.png 18w, https:\/\/james.care\/wp-content\/uploads\/2025\/09\/James-Notrufuhr-Hausnotruf-Reisezeit-Bericht-Bayrischer-Rundfunk-600x385.png 600w\" sizes=\"auto, (max-width: 1342px) 100vw, 1342px\" \/>                <\/div>\n            <\/a>\n        \n        \n        <div class=\"bde-loop-item__wrap ee-post-wrap\">\n            \n                            <h3 class=\"ee-post-title\" >\n                    <a class=\"bde-loop-item__title-link ee-post-title-link\" href=\"https:\/\/james.care\/sl\/james-notrufuhr-und-partner-bei-br24\/\"  tabindex=\"-1\">\n                        JAMESova zasilna stra\u017ea in na\u0161 partner pri BR24                    <\/a>\n                <\/h3>\n                            <div class=\"bde-loop-item__post-meta ee-post-meta\">\n                    \n                <\/div>\n                            <div class=\"bde-loop-item__content ee-post-content\">\n                    Ko govorimo o sodobnih sistemih za klic v sili na domu, je JAMES obvezen. Bavarski Rde\u010di kri\u017e se zana\u0161a na na\u0161 sistem klica v sili JAMES - kot je v nedavni oddaji poro\u010dala tudi Bavarska radiotelevizija (BR24)....                <\/div>\n            \n        \n    \n    \n    \n                            \n            \n                    \n            \n            \n\n    \n    \n    \n    \n                            \n    <a class=\"breakdance-link button-atom button-atom--text bde-loop-item__button ee-post-button\" href=\"https:\/\/james.care\/sl\/james-notrufuhr-und-partner-bei-br24\/\" target=\"_self\" data-type=\"url\"  aria-label=\"Preberite ve\u010d o JAMESOVI nujni pomo\u010di in na\u0161em partnerju pri BR24\" >\n\n    \n        <span class=\"button-atom__text\">Preberi ve\u010d<\/span>\n\n        \n        \n                <\/a>\n\n    \n\n\n\n\n            \n        <\/div>\n\n    <\/article>\n\n    <article class=\"bde-loop-item ee-post\">\n                                <a class=\"bde-loop-item__image-link ee-post-image-link\" href=\"https:\/\/james.care\/sl\/ilogs-healthcare-expandiert-gruendung-des-deutschen-tochterunternehmens\/\" tabindex=\"-1\">\n                <div class=\"bde-loop-item__image ee-post-image\">\n                    <img loading=\"lazy\" decoding=\"async\" width=\"1200\" height=\"946\" src=\"https:\/\/james.care\/wp-content\/uploads\/2023\/01\/ilogs_de_munich.jpg\" class=\"attachment-full size-full wp-post-image\" alt=\"ilogs healthcare expandiert: Gr\u00fcndung des deutschen Tochterunternehmens\" srcset=\"https:\/\/james.care\/wp-content\/uploads\/2023\/01\/ilogs_de_munich.jpg 1200w, https:\/\/james.care\/wp-content\/uploads\/2023\/01\/ilogs_de_munich-300x237.jpg 300w, https:\/\/james.care\/wp-content\/uploads\/2023\/01\/ilogs_de_munich-1024x807.jpg 1024w, https:\/\/james.care\/wp-content\/uploads\/2023\/01\/ilogs_de_munich-768x605.jpg 768w, https:\/\/james.care\/wp-content\/uploads\/2023\/01\/ilogs_de_munich-15x12.jpg 15w, https:\/\/james.care\/wp-content\/uploads\/2023\/01\/ilogs_de_munich-600x473.jpg 600w\" sizes=\"auto, (max-width: 1200px) 100vw, 1200px\" \/>                <\/div>\n            <\/a>\n        \n        \n        <div class=\"bde-loop-item__wrap ee-post-wrap\">\n            \n                            <h3 class=\"ee-post-title\" >\n                    <a class=\"bde-loop-item__title-link ee-post-title-link\" href=\"https:\/\/james.care\/sl\/ilogs-healthcare-expandiert-gruendung-des-deutschen-tochterunternehmens\/\"  tabindex=\"-1\">\n                        ilogs healthcare \u0161iri ustanovitev nem\u0161ke podru\u017enice                    <\/a>\n                <\/h3>\n                            <div class=\"bde-loop-item__post-meta ee-post-meta\">\n                    \n                <\/div>\n                            <div class=\"bde-loop-item__content ee-post-content\">\n                    Dru\u017eba ilogs healthcare je 5. januarja 2023 v M\u00fcnchnu ustanovila istoimensko nem\u0161ko podru\u017enico.                <\/div>\n            \n        \n    \n    \n    \n                            \n            \n                    \n            \n            \n\n    \n    \n    \n    \n                            \n    <a class=\"breakdance-link button-atom button-atom--text bde-loop-item__button ee-post-button\" href=\"https:\/\/james.care\/sl\/ilogs-healthcare-expandiert-gruendung-des-deutschen-tochterunternehmens\/\" target=\"_self\" data-type=\"url\"  aria-label=\"Preberite ve\u010d o \u0161iritvi zdravstvene oskrbe ilogs: Ustanovitev nem\u0161ke podru\u017enice\" >\n\n    \n        <span class=\"button-atom__text\">Preberi ve\u010d<\/span>\n\n        \n        \n                <\/a>\n\n    \n\n\n\n\n            \n        <\/div>\n\n    <\/article>\n\n    <article class=\"bde-loop-item ee-post\">\n                                <a class=\"bde-loop-item__image-link ee-post-image-link\" href=\"https:\/\/james.care\/sl\/ilogs-healthcare-james-kooperieren-mit-dem-oepc\/\" tabindex=\"-1\">\n                <div class=\"bde-loop-item__image ee-post-image\">\n                    <img loading=\"lazy\" decoding=\"async\" width=\"2560\" height=\"1708\" src=\"https:\/\/james.care\/wp-content\/uploads\/2026\/03\/Sport-R9-1-scaled.jpg\" class=\"attachment-full size-full wp-post-image\" alt=\"ilogs\u00a0healthcare\u00a0&amp; James kooperieren mit dem \u00d6PC\u00a0\" srcset=\"https:\/\/james.care\/wp-content\/uploads\/2026\/03\/Sport-R9-1-scaled.jpg 2560w, https:\/\/james.care\/wp-content\/uploads\/2026\/03\/Sport-R9-1-300x200.jpg 300w, https:\/\/james.care\/wp-content\/uploads\/2026\/03\/Sport-R9-1-1024x683.jpg 1024w, https:\/\/james.care\/wp-content\/uploads\/2026\/03\/Sport-R9-1-768x512.jpg 768w, https:\/\/james.care\/wp-content\/uploads\/2026\/03\/Sport-R9-1-1536x1025.jpg 1536w, https:\/\/james.care\/wp-content\/uploads\/2026\/03\/Sport-R9-1-2048x1366.jpg 2048w, https:\/\/james.care\/wp-content\/uploads\/2026\/03\/Sport-R9-1-18x12.jpg 18w, https:\/\/james.care\/wp-content\/uploads\/2026\/03\/Sport-R9-1-600x400.jpg 600w\" sizes=\"auto, (max-width: 2560px) 100vw, 2560px\" \/>                <\/div>\n            <\/a>\n        \n        \n        <div class=\"bde-loop-item__wrap ee-post-wrap\">\n            \n                            <h3 class=\"ee-post-title\" >\n                    <a class=\"bde-loop-item__title-link ee-post-title-link\" href=\"https:\/\/james.care\/sl\/ilogs-healthcare-james-kooperieren-mit-dem-oepc\/\"  tabindex=\"-1\">\n                        ilogs healthcare &amp; James sodeluje z \u00d6PC\u00a0                    <\/a>\n                <\/h3>\n                            <div class=\"bde-loop-item__post-meta ee-post-meta\">\n                    \n                <\/div>\n                            <div class=\"bde-loop-item__content ee-post-content\">\n                    Ekipa podjetij ilogs healthcare GmbH in James Telecare je navdu\u0161ena nad novim partnerstvom z Avstrijskim paraolimpijskim komitejem (\u00d6PC). Na ta na\u010din podpiramo \u0161portnike na njihovi poti na paraolimpijske igre v Milanu...                <\/div>\n            \n        \n    \n    \n    \n                            \n            \n                    \n            \n            \n\n    \n    \n    \n    \n                            \n    <a class=\"breakdance-link button-atom button-atom--text bde-loop-item__button ee-post-button\" href=\"https:\/\/james.care\/sl\/ilogs-healthcare-james-kooperieren-mit-dem-oepc\/\" target=\"_self\" data-type=\"url\"  aria-label=\"Preberite ve\u010d o sodelovanju ilogs healthcare &amp; James z \u00d6PC\" >\n\n    \n        <span class=\"button-atom__text\">Preberi ve\u010d<\/span>\n\n        \n        \n                <\/a>\n\n    \n\n\n\n\n            \n        <\/div>\n\n    <\/article>\n\n    <article class=\"bde-loop-item ee-post\">\n                                <a class=\"bde-loop-item__image-link ee-post-image-link\" href=\"https:\/\/james.care\/sl\/senior-software-architect-lead-engineer-m-w-d-net-devops-testing-ai-first-dev\/\" tabindex=\"-1\">\n                <div class=\"bde-loop-item__image ee-post-image\">\n                     <img loading=\"lazy\" decoding=\"async\" src=\"data:image\/svg+xml;base64,PHN2ZyB4bWxucz0iaHR0cDovL3d3dy53My5vcmcvMjAwMC9zdmciIHdpZHRoPSI1NDAiIGhlaWdodD0iNTQwIiB2aWV3Qm94PSIwIDAgMTQwIDE0MCI+PHBhdGggZD0iTTAgMGgxNDB2MTQwSDB6IiBmaWxsPSIjZTVlN2ViIi8+PHBhdGggZD0iTTg4IDgyLjQ2SDUxLjh2LTQuNTJsNi43NC02Ljc0YTEuMTMgMS4xMyAwIDAxMS42IDBsNS4yMyA1LjIzIDEyLjc2LTEyLjc3YTEuMTMgMS4xMyAwIDAxMS42IDBMODggNzEuOTF6IiBmaWxsPSIjZTVlN2ViIi8+PHBhdGggZD0iTTg5LjQ4IDUyLjMySDUwLjI5YTQuNTIgNC41MiAwIDAwLTQuNTIgNC41MlY4NGE0LjUzIDQuNTMgMCAwMDQuNTIgNC41MmgzOS4xOUE0LjUyIDQuNTIgMCAwMDk0IDg0VjU2Ljg0YTQuNTIgNC41MiAwIDAwLTQuNTItNC41MnptLTMzLjE2IDUuMjdhNS4yOCA1LjI4IDAgMTEtNS4yNyA1LjI4IDUuMjcgNS4yNyAwIDAxNS4yNy01LjI4ek04OCA4Mi40Nkg1MS44di00LjUybDYuNzQtNi43NGExLjEzIDEuMTMgMCAwMTEuNiAwbDUuMjMgNS4yMyAxMi43Ni0xMi43N2ExLjEzIDEuMTMgMCAwMTEuNiAwTDg4IDcxLjkxeiIgZmlsbD0iI2QxZDVkYiIvPjwvc3ZnPg==\" width=\"540\" height=\"540\" alt=\"\">                <\/div>\n            <\/a>\n        \n        \n        <div class=\"bde-loop-item__wrap ee-post-wrap\">\n            \n                            <h3 class=\"ee-post-title\" >\n                    <a class=\"bde-loop-item__title-link ee-post-title-link\" href=\"https:\/\/james.care\/sl\/senior-software-architect-lead-engineer-m-w-d-net-devops-testing-ai-first-dev\/\"  tabindex=\"-1\">\n                        Vi\u0161ji programski arhitekt \/ vodilni in\u017eenir (m\/\u017e\/d) - .NET | DevOps | Testiranje | AI-first Dev                    <\/a>\n                <\/h3>\n                            <div class=\"bde-loop-item__post-meta ee-post-meta\">\n                    \n                <\/div>\n                            <div class=\"bde-loop-item__content ee-post-content\">\n                    Delajte tam, kjer drugi dopustujejo Da bi lahko ciljno raz\u0161irili svoj svet izdelkov ter hitreje in varneje uvedli nove storitve na trg, i\u0161\u010demo izku\u0161enega strokovnjaka, ki lahko samozavestno sprejema arhitekturne odlo\u010ditve, uporablja in\u017eenirske standarde...                <\/div>\n            \n        \n    \n    \n    \n                            \n            \n                    \n            \n            \n\n    \n    \n    \n    \n                            \n    <a class=\"breakdance-link button-atom button-atom--text bde-loop-item__button ee-post-button\" href=\"https:\/\/james.care\/sl\/senior-software-architect-lead-engineer-m-w-d-net-devops-testing-ai-first-dev\/\" target=\"_self\" data-type=\"url\"  aria-label=\"Preberi ve\u010d o Vi\u0161ji arhitekt programske opreme \/ vodilni in\u017eenir (m\/\u017e\/d) - .NET | DevOps | Testiranje | AI-first Dev\" >\n\n    \n        <span class=\"button-atom__text\">Preberi ve\u010d<\/span>\n\n        \n        \n                <\/a>\n\n    \n\n\n\n\n            \n        <\/div>\n\n    <\/article>\n\n    <article class=\"bde-loop-item ee-post\">\n                                <a class=\"bde-loop-item__image-link ee-post-image-link\" href=\"https:\/\/james.care\/sl\/echnischer-vertriebsmitarbeiter-m-w-d-deutschland-in-vollzeit\/\" tabindex=\"-1\">\n                <div class=\"bde-loop-item__image ee-post-image\">\n                     <img loading=\"lazy\" decoding=\"async\" src=\"data:image\/svg+xml;base64,PHN2ZyB4bWxucz0iaHR0cDovL3d3dy53My5vcmcvMjAwMC9zdmciIHdpZHRoPSI1NDAiIGhlaWdodD0iNTQwIiB2aWV3Qm94PSIwIDAgMTQwIDE0MCI+PHBhdGggZD0iTTAgMGgxNDB2MTQwSDB6IiBmaWxsPSIjZTVlN2ViIi8+PHBhdGggZD0iTTg4IDgyLjQ2SDUxLjh2LTQuNTJsNi43NC02Ljc0YTEuMTMgMS4xMyAwIDAxMS42IDBsNS4yMyA1LjIzIDEyLjc2LTEyLjc3YTEuMTMgMS4xMyAwIDAxMS42IDBMODggNzEuOTF6IiBmaWxsPSIjZTVlN2ViIi8+PHBhdGggZD0iTTg5LjQ4IDUyLjMySDUwLjI5YTQuNTIgNC41MiAwIDAwLTQuNTIgNC41MlY4NGE0LjUzIDQuNTMgMCAwMDQuNTIgNC41MmgzOS4xOUE0LjUyIDQuNTIgMCAwMDk0IDg0VjU2Ljg0YTQuNTIgNC41MiAwIDAwLTQuNTItNC41MnptLTMzLjE2IDUuMjdhNS4yOCA1LjI4IDAgMTEtNS4yNyA1LjI4IDUuMjcgNS4yNyAwIDAxNS4yNy01LjI4ek04OCA4Mi40Nkg1MS44di00LjUybDYuNzQtNi43NGExLjEzIDEuMTMgMCAwMTEuNiAwbDUuMjMgNS4yMyAxMi43Ni0xMi43N2ExLjEzIDEuMTMgMCAwMTEuNiAwTDg4IDcxLjkxeiIgZmlsbD0iI2QxZDVkYiIvPjwvc3ZnPg==\" width=\"540\" height=\"540\" alt=\"\">                <\/div>\n            <\/a>\n        \n        \n        <div class=\"bde-loop-item__wrap ee-post-wrap\">\n            \n                            <h3 class=\"ee-post-title\" >\n                    <a class=\"bde-loop-item__title-link ee-post-title-link\" href=\"https:\/\/james.care\/sl\/echnischer-vertriebsmitarbeiter-m-w-d-deutschland-in-vollzeit\/\"  tabindex=\"-1\">\n                        Tehni\u010dni prodajni predstavnik (m\/\u017e\/d) Nem\u010dija s polnim delovnim \u010dasom                    <\/a>\n                <\/h3>\n                            <div class=\"bde-loop-item__post-meta ee-post-meta\">\n                    \n                <\/div>\n                            <div class=\"bde-loop-item__content ee-post-content\">\n                    \u017delite aktivno sodelovati pri oblikovanju prihodnosti zdravstvenega varstva? V podjetju ilogs Healthcare i\u0161\u010demo predanega tehni\u010dnega prodajnega predstavnika, ki bo predstavljal na\u0161e inovativne re\u0161itve v zdravstvenem sektorju in skupaj z nami oblikoval digitalno...                <\/div>\n            \n        \n    \n    \n    \n                            \n            \n                    \n            \n            \n\n    \n    \n    \n    \n                            \n    <a class=\"breakdance-link button-atom button-atom--text bde-loop-item__button ee-post-button\" href=\"https:\/\/james.care\/sl\/echnischer-vertriebsmitarbeiter-m-w-d-deutschland-in-vollzeit\/\" target=\"_self\" data-type=\"url\"  aria-label=\"Preberi ve\u010d o Tehni\u010dni prodajni predstavnik (m\/f\/d) za polni delovni \u010das Nem\u010dija\" >\n\n    \n        <span class=\"button-atom__text\">Preberi ve\u010d<\/span>\n\n        \n        \n                <\/a>\n\n    \n\n\n\n\n            \n        <\/div>\n\n    <\/article>\n\n    <article class=\"bde-loop-item ee-post\">\n                                <a class=\"bde-loop-item__image-link ee-post-image-link\" href=\"https:\/\/james.care\/sl\/wer-geht-gewinnt-aktiv-im-alter-mit-james\/\" tabindex=\"-1\">\n                <div class=\"bde-loop-item__image ee-post-image\">\n                    <img loading=\"lazy\" decoding=\"async\" width=\"2560\" height=\"1707\" src=\"https:\/\/james.care\/wp-content\/uploads\/2025\/08\/senior-pensioner-couple-with-smartphone-running-by-2024-10-18-09-20-35-utc-scaled.jpg\" class=\"attachment-full size-full wp-post-image\" alt=\"Wer geht, gewinnt: Aktiv im Alter mit JAMES\" srcset=\"https:\/\/james.care\/wp-content\/uploads\/2025\/08\/senior-pensioner-couple-with-smartphone-running-by-2024-10-18-09-20-35-utc-scaled.jpg 2560w, https:\/\/james.care\/wp-content\/uploads\/2025\/08\/senior-pensioner-couple-with-smartphone-running-by-2024-10-18-09-20-35-utc-300x200.jpg 300w, https:\/\/james.care\/wp-content\/uploads\/2025\/08\/senior-pensioner-couple-with-smartphone-running-by-2024-10-18-09-20-35-utc-1024x683.jpg 1024w, https:\/\/james.care\/wp-content\/uploads\/2025\/08\/senior-pensioner-couple-with-smartphone-running-by-2024-10-18-09-20-35-utc-768x512.jpg 768w, https:\/\/james.care\/wp-content\/uploads\/2025\/08\/senior-pensioner-couple-with-smartphone-running-by-2024-10-18-09-20-35-utc-1536x1024.jpg 1536w, https:\/\/james.care\/wp-content\/uploads\/2025\/08\/senior-pensioner-couple-with-smartphone-running-by-2024-10-18-09-20-35-utc-2048x1365.jpg 2048w, https:\/\/james.care\/wp-content\/uploads\/2025\/08\/senior-pensioner-couple-with-smartphone-running-by-2024-10-18-09-20-35-utc-18x12.jpg 18w, https:\/\/james.care\/wp-content\/uploads\/2025\/08\/senior-pensioner-couple-with-smartphone-running-by-2024-10-18-09-20-35-utc-600x400.jpg 600w\" sizes=\"auto, (max-width: 2560px) 100vw, 2560px\" \/>                <\/div>\n            <\/a>\n        \n        \n        <div class=\"bde-loop-item__wrap ee-post-wrap\">\n            \n                            <h3 class=\"ee-post-title\" >\n                    <a class=\"bde-loop-item__title-link ee-post-title-link\" href=\"https:\/\/james.care\/sl\/wer-geht-gewinnt-aktiv-im-alter-mit-james\/\"  tabindex=\"-1\">\n                        Kdor hodi, zmaga: Aktivni v starosti z JAMESOM                    <\/a>\n                <\/h3>\n                            <div class=\"bde-loop-item__post-meta ee-post-meta\">\n                    \n                <\/div>\n                            <div class=\"bde-loop-item__content ee-post-content\">\n                    \u0160tudije ka\u017eejo: Raziskave ka\u017eejo, da vadba ne izbolj\u0161uje le telesnega zdravja, temve\u010d tudi razpolo\u017eenje in kognitivne sposobnosti. Ljudje, ki redno telovadijo, dlje \u010dasa ostanejo samostojni in samozavestni ter se po\u010dutijo bolj \u017eivahno....                <\/div>\n            \n        \n    \n    \n    \n                            \n            \n                    \n            \n            \n\n    \n    \n    \n    \n                            \n    <a class=\"breakdance-link button-atom button-atom--text bde-loop-item__button ee-post-button\" href=\"https:\/\/james.care\/sl\/wer-geht-gewinnt-aktiv-im-alter-mit-james\/\" target=\"_self\" data-type=\"url\"  aria-label=\"Preberi ve\u010d o Kdor hodi, zmaga: Aktivni v starosti z JAMESOM\" >\n\n    \n        <span class=\"button-atom__text\">Preberi ve\u010d<\/span>\n\n        \n        \n                <\/a>\n\n    \n\n\n\n\n            \n        <\/div>\n\n    <\/article>\n\n    <article class=\"bde-loop-item ee-post\">\n                                <a class=\"bde-loop-item__image-link ee-post-image-link\" href=\"https:\/\/james.care\/sl\/sicherheit-trifft-nachwuchssport\/\" tabindex=\"-1\">\n                <div class=\"bde-loop-item__image ee-post-image\">\n                    <img loading=\"lazy\" decoding=\"async\" width=\"1600\" height=\"1600\" src=\"https:\/\/james.care\/wp-content\/uploads\/2025\/07\/WhatsApp-Bild-2025-06-13-um-13.25.44_f94a6431-1.jpg\" class=\"attachment-full size-full wp-post-image\" alt=\"Sicherheit trifft Nachwuchssport\" srcset=\"https:\/\/james.care\/wp-content\/uploads\/2025\/07\/WhatsApp-Bild-2025-06-13-um-13.25.44_f94a6431-1.jpg 1600w, https:\/\/james.care\/wp-content\/uploads\/2025\/07\/WhatsApp-Bild-2025-06-13-um-13.25.44_f94a6431-1-300x300.jpg 300w, https:\/\/james.care\/wp-content\/uploads\/2025\/07\/WhatsApp-Bild-2025-06-13-um-13.25.44_f94a6431-1-1024x1024.jpg 1024w, https:\/\/james.care\/wp-content\/uploads\/2025\/07\/WhatsApp-Bild-2025-06-13-um-13.25.44_f94a6431-1-150x150.jpg 150w, https:\/\/james.care\/wp-content\/uploads\/2025\/07\/WhatsApp-Bild-2025-06-13-um-13.25.44_f94a6431-1-768x768.jpg 768w, https:\/\/james.care\/wp-content\/uploads\/2025\/07\/WhatsApp-Bild-2025-06-13-um-13.25.44_f94a6431-1-1536x1536.jpg 1536w, https:\/\/james.care\/wp-content\/uploads\/2025\/07\/WhatsApp-Bild-2025-06-13-um-13.25.44_f94a6431-1-12x12.jpg 12w, https:\/\/james.care\/wp-content\/uploads\/2025\/07\/WhatsApp-Bild-2025-06-13-um-13.25.44_f94a6431-1-600x600.jpg 600w\" sizes=\"auto, (max-width: 1600px) 100vw, 1600px\" \/>                <\/div>\n            <\/a>\n        \n        \n        <div class=\"bde-loop-item__wrap ee-post-wrap\">\n            \n                            <h3 class=\"ee-post-title\" >\n                    <a class=\"bde-loop-item__title-link ee-post-title-link\" href=\"https:\/\/james.care\/sl\/sicherheit-trifft-nachwuchssport\/\"  tabindex=\"-1\">\n                        Varnost v stiku z mladinskim \u0161portom                    <\/a>\n                <\/h3>\n                            <div class=\"bde-loop-item__post-meta ee-post-meta\">\n                    \n                <\/div>\n                            <div class=\"bde-loop-item__content ee-post-content\">\n                    Mladinci m\u00fcnchenskega mo\u0161tva Cowboys Juniors zdaj ne igrajo le mo\u010dno, temve\u010d tudi varno. Z urami JAMES za nujne primere in prstanom MY nextRING aktivno podpiramo mladinski \u0161port - neposredno na...                <\/div>\n            \n        \n    \n    \n    \n                            \n            \n                    \n            \n            \n\n    \n    \n    \n    \n                            \n    <a class=\"breakdance-link button-atom button-atom--text bde-loop-item__button ee-post-button\" href=\"https:\/\/james.care\/sl\/sicherheit-trifft-nachwuchssport\/\" target=\"_self\" data-type=\"url\"  aria-label=\"Preberi ve\u010d o Varnost v mladinskem \u0161portu\" >\n\n    \n        <span class=\"button-atom__text\">Preberi ve\u010d<\/span>\n\n        \n        \n                <\/a>\n\n    \n\n\n\n\n            \n        <\/div>\n\n    <\/article>\n\n    <article class=\"bde-loop-item ee-post\">\n                                <a class=\"bde-loop-item__image-link ee-post-image-link\" href=\"https:\/\/james.care\/sl\/allein-unterwegs-aber-nie-auf-dich-allein-gestellt\/\" tabindex=\"-1\">\n                <div class=\"bde-loop-item__image ee-post-image\">\n                    <img loading=\"lazy\" decoding=\"async\" width=\"300\" height=\"182\" src=\"https:\/\/james.care\/wp-content\/uploads\/2025\/07\/Susanne_Happy_Walking-300x182-1.jpg\" class=\"attachment-full size-full wp-post-image\" alt=\"Allein unterwegs &#8211; aber nie auf dich allein gestellt\" srcset=\"https:\/\/james.care\/wp-content\/uploads\/2025\/07\/Susanne_Happy_Walking-300x182-1.jpg 300w, https:\/\/james.care\/wp-content\/uploads\/2025\/07\/Susanne_Happy_Walking-300x182-1-18x12.jpg 18w\" sizes=\"auto, (max-width: 300px) 100vw, 300px\" \/>                <\/div>\n            <\/a>\n        \n        \n        <div class=\"bde-loop-item__wrap ee-post-wrap\">\n            \n                            <h3 class=\"ee-post-title\" >\n                    <a class=\"bde-loop-item__title-link ee-post-title-link\" href=\"https:\/\/james.care\/sl\/allein-unterwegs-aber-nie-auf-dich-allein-gestellt\/\"  tabindex=\"-1\">\n                        Potujete sami - a nikoli sami                    <\/a>\n                <\/h3>\n                            <div class=\"bde-loop-item__post-meta ee-post-meta\">\n                    \n                <\/div>\n                            <div class=\"bde-loop-item__content ee-post-content\">\n                    Varnost je ob\u010dutek - in ta ob\u010dutek lahko spremeni na\u0161e \u017eivljenje. Zasilna ura JAMES spremlja ljudi, ki \u017eelijo biti aktivni, ne da bi pri tem ogrozili varnost.                <\/div>\n            \n        \n    \n    \n    \n                            \n            \n                    \n            \n            \n\n    \n    \n    \n    \n                            \n    <a class=\"breakdance-link button-atom button-atom--text bde-loop-item__button ee-post-button\" href=\"https:\/\/james.care\/sl\/allein-unterwegs-aber-nie-auf-dich-allein-gestellt\/\" target=\"_self\" data-type=\"url\"  aria-label=\"Preberi ve\u010d o Samostojno potovanje - a nikoli sam\" >\n\n    \n        <span class=\"button-atom__text\">Preberi ve\u010d<\/span>\n\n        \n        \n                <\/a>\n\n    \n\n\n\n\n            \n        <\/div>\n\n    <\/article>\n\n    <article class=\"bde-loop-item ee-post\">\n                                <a class=\"bde-loop-item__image-link ee-post-image-link\" href=\"https:\/\/james.care\/sl\/ilogs-baut-marktfuehrerschaft-im-bereich-mobiler-notruf-weiter-aus\/\" tabindex=\"-1\">\n                <div class=\"bde-loop-item__image ee-post-image\">\n                    <img loading=\"lazy\" decoding=\"async\" width=\"687\" height=\"540\" src=\"https:\/\/james.care\/wp-content\/uploads\/2025\/07\/ilogs-Europe.png\" class=\"attachment-full size-full wp-post-image\" alt=\"ILOGS baut Marktf\u00fchrerschaft im Bereich \u201eMobiler Notruf\u201c weiter aus\" srcset=\"https:\/\/james.care\/wp-content\/uploads\/2025\/07\/ilogs-Europe.png 687w, https:\/\/james.care\/wp-content\/uploads\/2025\/07\/ilogs-Europe-300x236.png 300w, https:\/\/james.care\/wp-content\/uploads\/2025\/07\/ilogs-Europe-15x12.png 15w, https:\/\/james.care\/wp-content\/uploads\/2025\/07\/ilogs-Europe-600x472.png 600w\" sizes=\"auto, (max-width: 687px) 100vw, 687px\" \/>                <\/div>\n            <\/a>\n        \n        \n        <div class=\"bde-loop-item__wrap ee-post-wrap\">\n            \n                            <h3 class=\"ee-post-title\" >\n                    <a class=\"bde-loop-item__title-link ee-post-title-link\" href=\"https:\/\/james.care\/sl\/ilogs-baut-marktfuehrerschaft-im-bereich-mobiler-notruf-weiter-aus\/\"  tabindex=\"-1\">\n                        ILOGS \u0161e bolj okrepi svojo vodilno vlogo na trgu v sektorju \"mobilnih klicev v sili\"                    <\/a>\n                <\/h3>\n                            <div class=\"bde-loop-item__post-meta ee-post-meta\">\n                    \n                <\/div>\n                            <div class=\"bde-loop-item__content ee-post-content\">\n                    Ve\u010d varnosti. Ve\u010d bli\u017eine. Ve\u010d kakovosti \u017eivljenja - za starej\u0161e po vsej Evropi. Veliki projekti ilogs v \u0160paniji in Zdru\u017eenem kraljestvu postavljajo nove standarde za pametno oskrbo na domu.                <\/div>\n            \n        \n    \n    \n    \n                            \n            \n                    \n            \n            \n\n    \n    \n    \n    \n                            \n    <a class=\"breakdance-link button-atom button-atom--text bde-loop-item__button ee-post-button\" href=\"https:\/\/james.care\/sl\/ilogs-baut-marktfuehrerschaft-im-bereich-mobiler-notruf-weiter-aus\/\" target=\"_self\" data-type=\"url\"  aria-label=\"Preberite ve\u010d o ILOGS \u0161iri svojo vodilno vlogo na trgu mobilnih klicev v sili\" >\n\n    \n        <span class=\"button-atom__text\">Preberi ve\u010d<\/span>\n\n        \n        \n                <\/a>\n\n    \n\n\n\n\n            \n        <\/div>\n\n    <\/article>\n\n    <article class=\"bde-loop-item ee-post\">\n                                <a class=\"bde-loop-item__image-link ee-post-image-link\" href=\"https:\/\/james.care\/sl\/sicher-durch-den-sommer-mit-james\/\" tabindex=\"-1\">\n                <div class=\"bde-loop-item__image ee-post-image\">\n                    <img loading=\"lazy\" decoding=\"async\" width=\"1100\" height=\"730\" src=\"https:\/\/james.care\/wp-content\/uploads\/2025\/07\/4-e1751889578499.jpg\" class=\"attachment-full size-full wp-post-image\" alt=\"Sicher durch den Sommer \u2013 mit JAMES\" srcset=\"https:\/\/james.care\/wp-content\/uploads\/2025\/07\/4-e1751889578499.jpg 1100w, https:\/\/james.care\/wp-content\/uploads\/2025\/07\/4-e1751889578499-300x199.jpg 300w, https:\/\/james.care\/wp-content\/uploads\/2025\/07\/4-e1751889578499-1024x680.jpg 1024w, https:\/\/james.care\/wp-content\/uploads\/2025\/07\/4-e1751889578499-768x510.jpg 768w, https:\/\/james.care\/wp-content\/uploads\/2025\/07\/4-e1751889578499-18x12.jpg 18w, https:\/\/james.care\/wp-content\/uploads\/2025\/07\/4-e1751889578499-600x398.jpg 600w\" sizes=\"auto, (max-width: 1100px) 100vw, 1100px\" \/>                <\/div>\n            <\/a>\n        \n        \n        <div class=\"bde-loop-item__wrap ee-post-wrap\">\n            \n                            <h3 class=\"ee-post-title\" >\n                    <a class=\"bde-loop-item__title-link ee-post-title-link\" href=\"https:\/\/james.care\/sl\/sicher-durch-den-sommer-mit-james\/\"  tabindex=\"-1\">\n                        Varno skozi poletje - z JAMESOM                    <\/a>\n                <\/h3>\n                            <div class=\"bde-loop-item__post-meta ee-post-meta\">\n                    \n                <\/div>\n                            <div class=\"bde-loop-item__content ee-post-content\">\n                    \"Veliko potujem, a z JAMESOM na zapestju vem, da nikoli nisem sam.\" Gospod Mei\u00dfner, 78 let, aktiven dedek in uporabnik sistema JAMES                <\/div>\n            \n        \n    \n    \n    \n                            \n            \n                    \n            \n            \n\n    \n    \n    \n    \n                            \n    <a class=\"breakdance-link button-atom button-atom--text bde-loop-item__button ee-post-button\" href=\"https:\/\/james.care\/sl\/sicher-durch-den-sommer-mit-james\/\" target=\"_self\" data-type=\"url\"  aria-label=\"Preberi ve\u010d o Varno skozi poletje - z JAMESOM\" >\n\n    \n        <span class=\"button-atom__text\">Preberi ve\u010d<\/span>\n\n        \n        \n                <\/a>\n\n    \n\n\n\n\n            \n        <\/div>\n\n    <\/article>\n\n    <article class=\"bde-loop-item ee-post\">\n                                <a class=\"bde-loop-item__image-link ee-post-image-link\" href=\"https:\/\/james.care\/sl\/senior-fullstack-software-developer-net\/\" tabindex=\"-1\">\n                <div class=\"bde-loop-item__image ee-post-image\">\n                     <img loading=\"lazy\" decoding=\"async\" src=\"data:image\/svg+xml;base64,PHN2ZyB4bWxucz0iaHR0cDovL3d3dy53My5vcmcvMjAwMC9zdmciIHdpZHRoPSI1NDAiIGhlaWdodD0iNTQwIiB2aWV3Qm94PSIwIDAgMTQwIDE0MCI+PHBhdGggZD0iTTAgMGgxNDB2MTQwSDB6IiBmaWxsPSIjZTVlN2ViIi8+PHBhdGggZD0iTTg4IDgyLjQ2SDUxLjh2LTQuNTJsNi43NC02Ljc0YTEuMTMgMS4xMyAwIDAxMS42IDBsNS4yMyA1LjIzIDEyLjc2LTEyLjc3YTEuMTMgMS4xMyAwIDAxMS42IDBMODggNzEuOTF6IiBmaWxsPSIjZTVlN2ViIi8+PHBhdGggZD0iTTg5LjQ4IDUyLjMySDUwLjI5YTQuNTIgNC41MiAwIDAwLTQuNTIgNC41MlY4NGE0LjUzIDQuNTMgMCAwMDQuNTIgNC41MmgzOS4xOUE0LjUyIDQuNTIgMCAwMDk0IDg0VjU2Ljg0YTQuNTIgNC41MiAwIDAwLTQuNTItNC41MnptLTMzLjE2IDUuMjdhNS4yOCA1LjI4IDAgMTEtNS4yNyA1LjI4IDUuMjcgNS4yNyAwIDAxNS4yNy01LjI4ek04OCA4Mi40Nkg1MS44di00LjUybDYuNzQtNi43NGExLjEzIDEuMTMgMCAwMTEuNiAwbDUuMjMgNS4yMyAxMi43Ni0xMi43N2ExLjEzIDEuMTMgMCAwMTEuNiAwTDg4IDcxLjkxeiIgZmlsbD0iI2QxZDVkYiIvPjwvc3ZnPg==\" width=\"540\" height=\"540\" alt=\"\">                <\/div>\n            <\/a>\n        \n        \n        <div class=\"bde-loop-item__wrap ee-post-wrap\">\n            \n                            <h3 class=\"ee-post-title\" >\n                    <a class=\"bde-loop-item__title-link ee-post-title-link\" href=\"https:\/\/james.care\/sl\/senior-fullstack-software-developer-net\/\"  tabindex=\"-1\">\n                        \u00a0Vi\u0161ji razvijalec programske opreme .NET\u00a0                    <\/a>\n                <\/h3>\n                            <div class=\"bde-loop-item__post-meta ee-post-meta\">\n                    \n                <\/div>\n                            <div class=\"bde-loop-item__content ee-post-content\">\n                    &nbsp;ilogs healthcare je vseevropsko podjetje, ki razvija digitalne re\u0161itve za ljudi s pove\u010danimi potrebami po varnosti. Na\u0161e ure JAMES za nujne primere vsak dan re\u0161ujejo \u017eivljenja po vsej Evropi. Za \u0161iritev nadaljnjih izdelkov...                <\/div>\n            \n        \n    \n    \n    \n                            \n            \n                    \n            \n            \n\n    \n    \n    \n    \n                            \n    <a class=\"breakdance-link button-atom button-atom--text bde-loop-item__button ee-post-button\" href=\"https:\/\/james.care\/sl\/senior-fullstack-software-developer-net\/\" target=\"_self\" data-type=\"url\"  aria-label=\"Preberi ve\u010d o Vi\u0161ji razvijalec programske opreme .NET\u00a0\" >\n\n    \n        <span class=\"button-atom__text\">Preberi ve\u010d<\/span>\n\n        \n        \n                <\/a>\n\n    \n\n\n\n\n            \n        <\/div>\n\n    <\/article>\n\n<\/div><\/div><\/div>\n<\/section>","protected":false},"excerpt":{"rendered":"","protected":false},"author":1,"featured_media":0,"parent":0,"menu_order":0,"comment_status":"closed","ping_status":"closed","template":"","meta":{"_acf_changed":false,"_breakdance_hide_in_design_set":false,"_breakdance_tags":"","footnotes":""},"class_list":["post-21923","page","type-page","status-publish","hentry"],"acf":[],"_links":{"self":[{"href":"https:\/\/james.care\/sl\/wp-json\/wp\/v2\/pages\/21923","targetHints":{"allow":["GET"]}}],"collection":[{"href":"https:\/\/james.care\/sl\/wp-json\/wp\/v2\/pages"}],"about":[{"href":"https:\/\/james.care\/sl\/wp-json\/wp\/v2\/types\/page"}],"author":[{"embeddable":true,"href":"https:\/\/james.care\/sl\/wp-json\/wp\/v2\/users\/1"}],"replies":[{"embeddable":true,"href":"https:\/\/james.care\/sl\/wp-json\/wp\/v2\/comments?post=21923"}],"version-history":[{"count":0,"href":"https:\/\/james.care\/sl\/wp-json\/wp\/v2\/pages\/21923\/revisions"}],"wp:attachment":[{"href":"https:\/\/james.care\/sl\/wp-json\/wp\/v2\/media?parent=21923"}],"curies":[{"name":"wp","href":"https:\/\/api.w.org\/{rel}","templated":true}]}}