{"id":21923,"date":"2022-11-23T15:42:09","date_gmt":"2022-11-23T14:42:09","guid":{"rendered":"https:\/\/myjames.shop\/?page_id=21923"},"modified":"2022-12-06T08:13:03","modified_gmt":"2022-12-06T07:13:03","slug":"stories","status":"publish","type":"page","link":"https:\/\/james.care\/it\/stories\/","title":{"rendered":"+Storie di vita"},"content":{"rendered":"<section class=\"bde-section-21923-100 bde-section\">\n  \n  \n\t\n\n\n\n<div class=\"section-container\"><h1 class=\"bde-heading-21923-103 bde-heading\">\nStorie di vita\n<\/h1><div class=\"bde-post-list-21923-105 bde-post-list\"><div class=\"bde-loop bde-loop-grid ee-posts ee-posts-grid\">    <article class=\"bde-loop-item ee-post\">\n                                <a class=\"bde-loop-item__image-link ee-post-image-link\" href=\"https:\/\/james.care\/it\/james-notrufuhr-und-partner-bei-br24\/\" tabindex=\"-1\">\n                <div class=\"bde-loop-item__image ee-post-image\">\n                    <img loading=\"lazy\" decoding=\"async\" width=\"1342\" height=\"862\" src=\"https:\/\/james.care\/wp-content\/uploads\/2025\/09\/James-Notrufuhr-Hausnotruf-Reisezeit-Bericht-Bayrischer-Rundfunk.png\" class=\"attachment-full size-full wp-post-image\" alt=\"JAMES Notrufuhr &amp; unser Partner bei BR24\" srcset=\"https:\/\/james.care\/wp-content\/uploads\/2025\/09\/James-Notrufuhr-Hausnotruf-Reisezeit-Bericht-Bayrischer-Rundfunk.png 1342w, https:\/\/james.care\/wp-content\/uploads\/2025\/09\/James-Notrufuhr-Hausnotruf-Reisezeit-Bericht-Bayrischer-Rundfunk-300x193.png 300w, https:\/\/james.care\/wp-content\/uploads\/2025\/09\/James-Notrufuhr-Hausnotruf-Reisezeit-Bericht-Bayrischer-Rundfunk-1024x658.png 1024w, https:\/\/james.care\/wp-content\/uploads\/2025\/09\/James-Notrufuhr-Hausnotruf-Reisezeit-Bericht-Bayrischer-Rundfunk-768x493.png 768w, https:\/\/james.care\/wp-content\/uploads\/2025\/09\/James-Notrufuhr-Hausnotruf-Reisezeit-Bericht-Bayrischer-Rundfunk-18x12.png 18w, https:\/\/james.care\/wp-content\/uploads\/2025\/09\/James-Notrufuhr-Hausnotruf-Reisezeit-Bericht-Bayrischer-Rundfunk-600x385.png 600w\" sizes=\"auto, (max-width: 1342px) 100vw, 1342px\" \/>                <\/div>\n            <\/a>\n        \n        \n        <div class=\"bde-loop-item__wrap ee-post-wrap\">\n            \n                            <h3 class=\"ee-post-title\" >\n                    <a class=\"bde-loop-item__title-link ee-post-title-link\" href=\"https:\/\/james.care\/it\/james-notrufuhr-und-partner-bei-br24\/\"  tabindex=\"-1\">\n                        Orologio d'emergenza JAMES e il nostro partner BR24                    <\/a>\n                <\/h3>\n                            <div class=\"bde-loop-item__post-meta ee-post-meta\">\n                    \n                <\/div>\n                            <div class=\"bde-loop-item__content ee-post-content\">\n                    Quando si parla di moderni sistemi di chiamata d'emergenza a domicilio, JAMES \u00e8 un must. La Croce Rossa Bavarese si affida al nostro sistema di chiamata d'emergenza JAMES, come ha riferito anche la Bavarian Broadcasting Corporation (BR24) in un recente...                <\/div>\n            \n        \n    \n    \n    \n                            \n            \n                    \n            \n            \n\n    \n    \n    \n    \n                            \n    <a class=\"breakdance-link button-atom button-atom--text bde-loop-item__button ee-post-button\" href=\"https:\/\/james.care\/it\/james-notrufuhr-und-partner-bei-br24\/\" target=\"_self\" data-type=\"url\"  aria-label=\"Per saperne di pi\u00f9 sull&#039;orologio d&#039;emergenza JAMES e il nostro partner BR24\" >\n\n    \n        <span class=\"button-atom__text\">Per saperne di pi\u00f9<\/span>\n\n        \n        \n                <\/a>\n\n    \n\n\n\n\n            \n        <\/div>\n\n    <\/article>\n\n    <article class=\"bde-loop-item ee-post\">\n                                <a class=\"bde-loop-item__image-link ee-post-image-link\" href=\"https:\/\/james.care\/it\/ilogs-healthcare-expandiert-gruendung-des-deutschen-tochterunternehmens\/\" tabindex=\"-1\">\n                <div class=\"bde-loop-item__image ee-post-image\">\n                    <img loading=\"lazy\" decoding=\"async\" width=\"1200\" height=\"946\" src=\"https:\/\/james.care\/wp-content\/uploads\/2023\/01\/ilogs_de_munich.jpg\" class=\"attachment-full size-full wp-post-image\" alt=\"ilogs healthcare expandiert: Gr\u00fcndung des deutschen Tochterunternehmens\" srcset=\"https:\/\/james.care\/wp-content\/uploads\/2023\/01\/ilogs_de_munich.jpg 1200w, https:\/\/james.care\/wp-content\/uploads\/2023\/01\/ilogs_de_munich-300x237.jpg 300w, https:\/\/james.care\/wp-content\/uploads\/2023\/01\/ilogs_de_munich-1024x807.jpg 1024w, https:\/\/james.care\/wp-content\/uploads\/2023\/01\/ilogs_de_munich-768x605.jpg 768w, https:\/\/james.care\/wp-content\/uploads\/2023\/01\/ilogs_de_munich-15x12.jpg 15w, https:\/\/james.care\/wp-content\/uploads\/2023\/01\/ilogs_de_munich-600x473.jpg 600w\" sizes=\"auto, (max-width: 1200px) 100vw, 1200px\" \/>                <\/div>\n            <\/a>\n        \n        \n        <div class=\"bde-loop-item__wrap ee-post-wrap\">\n            \n                            <h3 class=\"ee-post-title\" >\n                    <a class=\"bde-loop-item__title-link ee-post-title-link\" href=\"https:\/\/james.care\/it\/ilogs-healthcare-expandiert-gruendung-des-deutschen-tochterunternehmens\/\"  tabindex=\"-1\">\n                        ilogs healthcare si espande: Fondazione della filiale tedesca                    <\/a>\n                <\/h3>\n                            <div class=\"bde-loop-item__post-meta ee-post-meta\">\n                    \n                <\/div>\n                            <div class=\"bde-loop-item__content ee-post-content\">\n                    Il 5 gennaio 2023, ilogs healthcare ha fondato l'omonima filiale tedesca a Monaco.                <\/div>\n            \n        \n    \n    \n    \n                            \n            \n                    \n            \n            \n\n    \n    \n    \n    \n                            \n    <a class=\"breakdance-link button-atom button-atom--text bde-loop-item__button ee-post-button\" href=\"https:\/\/james.care\/it\/ilogs-healthcare-expandiert-gruendung-des-deutschen-tochterunternehmens\/\" target=\"_self\" data-type=\"url\"  aria-label=\"Per saperne di pi\u00f9 su ilogs healthcare si espande: Fondazione della filiale tedesca\" >\n\n    \n        <span class=\"button-atom__text\">Per saperne di pi\u00f9<\/span>\n\n        \n        \n                <\/a>\n\n    \n\n\n\n\n            \n        <\/div>\n\n    <\/article>\n\n    <article class=\"bde-loop-item ee-post\">\n                                <a class=\"bde-loop-item__image-link ee-post-image-link\" href=\"https:\/\/james.care\/it\/ilogs-healthcare-james-kooperieren-mit-dem-oepc\/\" tabindex=\"-1\">\n                <div class=\"bde-loop-item__image ee-post-image\">\n                    <img loading=\"lazy\" decoding=\"async\" width=\"2560\" height=\"1708\" src=\"https:\/\/james.care\/wp-content\/uploads\/2026\/03\/Sport-R9-1-scaled.jpg\" class=\"attachment-full size-full wp-post-image\" alt=\"ilogs\u00a0healthcare\u00a0&amp; James kooperieren mit dem \u00d6PC\u00a0\" srcset=\"https:\/\/james.care\/wp-content\/uploads\/2026\/03\/Sport-R9-1-scaled.jpg 2560w, https:\/\/james.care\/wp-content\/uploads\/2026\/03\/Sport-R9-1-300x200.jpg 300w, https:\/\/james.care\/wp-content\/uploads\/2026\/03\/Sport-R9-1-1024x683.jpg 1024w, https:\/\/james.care\/wp-content\/uploads\/2026\/03\/Sport-R9-1-768x512.jpg 768w, https:\/\/james.care\/wp-content\/uploads\/2026\/03\/Sport-R9-1-1536x1025.jpg 1536w, https:\/\/james.care\/wp-content\/uploads\/2026\/03\/Sport-R9-1-2048x1366.jpg 2048w, https:\/\/james.care\/wp-content\/uploads\/2026\/03\/Sport-R9-1-18x12.jpg 18w, https:\/\/james.care\/wp-content\/uploads\/2026\/03\/Sport-R9-1-600x400.jpg 600w\" sizes=\"auto, (max-width: 2560px) 100vw, 2560px\" \/>                <\/div>\n            <\/a>\n        \n        \n        <div class=\"bde-loop-item__wrap ee-post-wrap\">\n            \n                            <h3 class=\"ee-post-title\" >\n                    <a class=\"bde-loop-item__title-link ee-post-title-link\" href=\"https:\/\/james.care\/it\/ilogs-healthcare-james-kooperieren-mit-dem-oepc\/\"  tabindex=\"-1\">\n                        ilogs healthcare &amp; James collaborano con l'\u00d6PC\u00a0                    <\/a>\n                <\/h3>\n                            <div class=\"bde-loop-item__post-meta ee-post-meta\">\n                    \n                <\/div>\n                            <div class=\"bde-loop-item__content ee-post-content\">\n                    Il team di ilogs healthcare GmbH e James Telecare \u00e8 entusiasta della nuova partnership con il Comitato Paralimpico Austriaco (\u00d6PC). In questo modo, sosteniamo gli atleti nel loro percorso verso i Giochi Paralimpici di Milano...                <\/div>\n            \n        \n    \n    \n    \n                            \n            \n                    \n            \n            \n\n    \n    \n    \n    \n                            \n    <a class=\"breakdance-link button-atom button-atom--text bde-loop-item__button ee-post-button\" href=\"https:\/\/james.care\/it\/ilogs-healthcare-james-kooperieren-mit-dem-oepc\/\" target=\"_self\" data-type=\"url\"  aria-label=\"Ulteriori informazioni su ilogs healthcare &amp; James collaborano con l&#039;\u00d6PC\" >\n\n    \n        <span class=\"button-atom__text\">Per saperne di pi\u00f9<\/span>\n\n        \n        \n                <\/a>\n\n    \n\n\n\n\n            \n        <\/div>\n\n    <\/article>\n\n    <article class=\"bde-loop-item ee-post\">\n                                <a class=\"bde-loop-item__image-link ee-post-image-link\" href=\"https:\/\/james.care\/it\/senior-software-architect-lead-engineer-m-w-d-net-devops-testing-ai-first-dev\/\" tabindex=\"-1\">\n                <div class=\"bde-loop-item__image ee-post-image\">\n                     <img loading=\"lazy\" decoding=\"async\" src=\"data:image\/svg+xml;base64,PHN2ZyB4bWxucz0iaHR0cDovL3d3dy53My5vcmcvMjAwMC9zdmciIHdpZHRoPSI1NDAiIGhlaWdodD0iNTQwIiB2aWV3Qm94PSIwIDAgMTQwIDE0MCI+PHBhdGggZD0iTTAgMGgxNDB2MTQwSDB6IiBmaWxsPSIjZTVlN2ViIi8+PHBhdGggZD0iTTg4IDgyLjQ2SDUxLjh2LTQuNTJsNi43NC02Ljc0YTEuMTMgMS4xMyAwIDAxMS42IDBsNS4yMyA1LjIzIDEyLjc2LTEyLjc3YTEuMTMgMS4xMyAwIDAxMS42IDBMODggNzEuOTF6IiBmaWxsPSIjZTVlN2ViIi8+PHBhdGggZD0iTTg5LjQ4IDUyLjMySDUwLjI5YTQuNTIgNC41MiAwIDAwLTQuNTIgNC41MlY4NGE0LjUzIDQuNTMgMCAwMDQuNTIgNC41MmgzOS4xOUE0LjUyIDQuNTIgMCAwMDk0IDg0VjU2Ljg0YTQuNTIgNC41MiAwIDAwLTQuNTItNC41MnptLTMzLjE2IDUuMjdhNS4yOCA1LjI4IDAgMTEtNS4yNyA1LjI4IDUuMjcgNS4yNyAwIDAxNS4yNy01LjI4ek04OCA4Mi40Nkg1MS44di00LjUybDYuNzQtNi43NGExLjEzIDEuMTMgMCAwMTEuNiAwbDUuMjMgNS4yMyAxMi43Ni0xMi43N2ExLjEzIDEuMTMgMCAwMTEuNiAwTDg4IDcxLjkxeiIgZmlsbD0iI2QxZDVkYiIvPjwvc3ZnPg==\" width=\"540\" height=\"540\" alt=\"\">                <\/div>\n            <\/a>\n        \n        \n        <div class=\"bde-loop-item__wrap ee-post-wrap\">\n            \n                            <h3 class=\"ee-post-title\" >\n                    <a class=\"bde-loop-item__title-link ee-post-title-link\" href=\"https:\/\/james.care\/it\/senior-software-architect-lead-engineer-m-w-d-net-devops-testing-ai-first-dev\/\"  tabindex=\"-1\">\n                        Senior Software Architect \/ Lead Engineer (m\/f\/d) - .NET | DevOps | Testing | AI-first Dev                    <\/a>\n                <\/h3>\n                            <div class=\"bde-loop-item__post-meta ee-post-meta\">\n                    \n                <\/div>\n                            <div class=\"bde-loop-item__content ee-post-content\">\n                    Lavorare dove gli altri vanno in vacanza Per permetterci di espandere il nostro mondo di prodotti in modo mirato e di portare sul mercato nuovi servizi in modo pi\u00f9 rapido e sicuro, siamo alla ricerca di un professionista esperto in grado di prendere decisioni sull'architettura con sicurezza, di applicare gli standard ingegneristici...                <\/div>\n            \n        \n    \n    \n    \n                            \n            \n                    \n            \n            \n\n    \n    \n    \n    \n                            \n    <a class=\"breakdance-link button-atom button-atom--text bde-loop-item__button ee-post-button\" href=\"https:\/\/james.care\/it\/senior-software-architect-lead-engineer-m-w-d-net-devops-testing-ai-first-dev\/\" target=\"_self\" data-type=\"url\"  aria-label=\"Leggi tutto su Senior Software Architect \/ Lead Engineer (m\/f\/d) - .NET | DevOps | Testing | AI-first Dev\" >\n\n    \n        <span class=\"button-atom__text\">Per saperne di pi\u00f9<\/span>\n\n        \n        \n                <\/a>\n\n    \n\n\n\n\n            \n        <\/div>\n\n    <\/article>\n\n    <article class=\"bde-loop-item ee-post\">\n                                <a class=\"bde-loop-item__image-link ee-post-image-link\" href=\"https:\/\/james.care\/it\/echnischer-vertriebsmitarbeiter-m-w-d-deutschland-in-vollzeit\/\" tabindex=\"-1\">\n                <div class=\"bde-loop-item__image ee-post-image\">\n                     <img loading=\"lazy\" decoding=\"async\" src=\"data:image\/svg+xml;base64,PHN2ZyB4bWxucz0iaHR0cDovL3d3dy53My5vcmcvMjAwMC9zdmciIHdpZHRoPSI1NDAiIGhlaWdodD0iNTQwIiB2aWV3Qm94PSIwIDAgMTQwIDE0MCI+PHBhdGggZD0iTTAgMGgxNDB2MTQwSDB6IiBmaWxsPSIjZTVlN2ViIi8+PHBhdGggZD0iTTg4IDgyLjQ2SDUxLjh2LTQuNTJsNi43NC02Ljc0YTEuMTMgMS4xMyAwIDAxMS42IDBsNS4yMyA1LjIzIDEyLjc2LTEyLjc3YTEuMTMgMS4xMyAwIDAxMS42IDBMODggNzEuOTF6IiBmaWxsPSIjZTVlN2ViIi8+PHBhdGggZD0iTTg5LjQ4IDUyLjMySDUwLjI5YTQuNTIgNC41MiAwIDAwLTQuNTIgNC41MlY4NGE0LjUzIDQuNTMgMCAwMDQuNTIgNC41MmgzOS4xOUE0LjUyIDQuNTIgMCAwMDk0IDg0VjU2Ljg0YTQuNTIgNC41MiAwIDAwLTQuNTItNC41MnptLTMzLjE2IDUuMjdhNS4yOCA1LjI4IDAgMTEtNS4yNyA1LjI4IDUuMjcgNS4yNyAwIDAxNS4yNy01LjI4ek04OCA4Mi40Nkg1MS44di00LjUybDYuNzQtNi43NGExLjEzIDEuMTMgMCAwMTEuNiAwbDUuMjMgNS4yMyAxMi43Ni0xMi43N2ExLjEzIDEuMTMgMCAwMTEuNiAwTDg4IDcxLjkxeiIgZmlsbD0iI2QxZDVkYiIvPjwvc3ZnPg==\" width=\"540\" height=\"540\" alt=\"\">                <\/div>\n            <\/a>\n        \n        \n        <div class=\"bde-loop-item__wrap ee-post-wrap\">\n            \n                            <h3 class=\"ee-post-title\" >\n                    <a class=\"bde-loop-item__title-link ee-post-title-link\" href=\"https:\/\/james.care\/it\/echnischer-vertriebsmitarbeiter-m-w-d-deutschland-in-vollzeit\/\"  tabindex=\"-1\">\n                        Rappresentante tecnico di vendita (m\/f\/d) Germania a tempo pieno                    <\/a>\n                <\/h3>\n                            <div class=\"bde-loop-item__post-meta ee-post-meta\">\n                    \n                <\/div>\n                            <div class=\"bde-loop-item__content ee-post-content\">\n                    Ti piacerebbe giocare un ruolo attivo nel plasmare il futuro dell'assistenza sanitaria? In ilogs Healthcare stiamo cercando un rappresentante tecnico di vendita dedicato per presentare le nostre soluzioni innovative nel settore sanitario e lavorare con noi per plasmare il...                <\/div>\n            \n        \n    \n    \n    \n                            \n            \n                    \n            \n            \n\n    \n    \n    \n    \n                            \n    <a class=\"breakdance-link button-atom button-atom--text bde-loop-item__button ee-post-button\" href=\"https:\/\/james.care\/it\/echnischer-vertriebsmitarbeiter-m-w-d-deutschland-in-vollzeit\/\" target=\"_self\" data-type=\"url\"  aria-label=\"Ulteriori informazioni su Rappresentante tecnico di vendita a tempo pieno (m\/f\/d) Germania\" >\n\n    \n        <span class=\"button-atom__text\">Per saperne di pi\u00f9<\/span>\n\n        \n        \n                <\/a>\n\n    \n\n\n\n\n            \n        <\/div>\n\n    <\/article>\n\n    <article class=\"bde-loop-item ee-post\">\n                                <a class=\"bde-loop-item__image-link ee-post-image-link\" href=\"https:\/\/james.care\/it\/wer-geht-gewinnt-aktiv-im-alter-mit-james\/\" tabindex=\"-1\">\n                <div class=\"bde-loop-item__image ee-post-image\">\n                    <img loading=\"lazy\" decoding=\"async\" width=\"2560\" height=\"1707\" src=\"https:\/\/james.care\/wp-content\/uploads\/2025\/08\/senior-pensioner-couple-with-smartphone-running-by-2024-10-18-09-20-35-utc-scaled.jpg\" class=\"attachment-full size-full wp-post-image\" alt=\"Wer geht, gewinnt: Aktiv im Alter mit JAMES\" srcset=\"https:\/\/james.care\/wp-content\/uploads\/2025\/08\/senior-pensioner-couple-with-smartphone-running-by-2024-10-18-09-20-35-utc-scaled.jpg 2560w, https:\/\/james.care\/wp-content\/uploads\/2025\/08\/senior-pensioner-couple-with-smartphone-running-by-2024-10-18-09-20-35-utc-300x200.jpg 300w, https:\/\/james.care\/wp-content\/uploads\/2025\/08\/senior-pensioner-couple-with-smartphone-running-by-2024-10-18-09-20-35-utc-1024x683.jpg 1024w, https:\/\/james.care\/wp-content\/uploads\/2025\/08\/senior-pensioner-couple-with-smartphone-running-by-2024-10-18-09-20-35-utc-768x512.jpg 768w, https:\/\/james.care\/wp-content\/uploads\/2025\/08\/senior-pensioner-couple-with-smartphone-running-by-2024-10-18-09-20-35-utc-1536x1024.jpg 1536w, https:\/\/james.care\/wp-content\/uploads\/2025\/08\/senior-pensioner-couple-with-smartphone-running-by-2024-10-18-09-20-35-utc-2048x1365.jpg 2048w, https:\/\/james.care\/wp-content\/uploads\/2025\/08\/senior-pensioner-couple-with-smartphone-running-by-2024-10-18-09-20-35-utc-18x12.jpg 18w, https:\/\/james.care\/wp-content\/uploads\/2025\/08\/senior-pensioner-couple-with-smartphone-running-by-2024-10-18-09-20-35-utc-600x400.jpg 600w\" sizes=\"auto, (max-width: 2560px) 100vw, 2560px\" \/>                <\/div>\n            <\/a>\n        \n        \n        <div class=\"bde-loop-item__wrap ee-post-wrap\">\n            \n                            <h3 class=\"ee-post-title\" >\n                    <a class=\"bde-loop-item__title-link ee-post-title-link\" href=\"https:\/\/james.care\/it\/wer-geht-gewinnt-aktiv-im-alter-mit-james\/\"  tabindex=\"-1\">\n                        Chi cammina, vince: attivi in et\u00e0 avanzata con JAMES                    <\/a>\n                <\/h3>\n                            <div class=\"bde-loop-item__post-meta ee-post-meta\">\n                    \n                <\/div>\n                            <div class=\"bde-loop-item__content ee-post-content\">\n                    Gli studi lo dimostrano: L'esercizio fisico non solo migliora la salute fisica, ma anche l'umore e le capacit\u00e0 cognitive. Le persone che fanno esercizio fisico regolarmente rimangono indipendenti e sicure di s\u00e9 pi\u00f9 a lungo e si sentono pi\u00f9 vivaci....                <\/div>\n            \n        \n    \n    \n    \n                            \n            \n                    \n            \n            \n\n    \n    \n    \n    \n                            \n    <a class=\"breakdance-link button-atom button-atom--text bde-loop-item__button ee-post-button\" href=\"https:\/\/james.care\/it\/wer-geht-gewinnt-aktiv-im-alter-mit-james\/\" target=\"_self\" data-type=\"url\"  aria-label=\"Leggi tutto su Chi cammina, vince: attivi in et\u00e0 avanzata con JAMES\" >\n\n    \n        <span class=\"button-atom__text\">Per saperne di pi\u00f9<\/span>\n\n        \n        \n                <\/a>\n\n    \n\n\n\n\n            \n        <\/div>\n\n    <\/article>\n\n    <article class=\"bde-loop-item ee-post\">\n                                <a class=\"bde-loop-item__image-link ee-post-image-link\" href=\"https:\/\/james.care\/it\/sicherheit-trifft-nachwuchssport\/\" tabindex=\"-1\">\n                <div class=\"bde-loop-item__image ee-post-image\">\n                    <img loading=\"lazy\" decoding=\"async\" width=\"1600\" height=\"1600\" src=\"https:\/\/james.care\/wp-content\/uploads\/2025\/07\/WhatsApp-Bild-2025-06-13-um-13.25.44_f94a6431-1.jpg\" class=\"attachment-full size-full wp-post-image\" alt=\"Sicherheit trifft Nachwuchssport\" srcset=\"https:\/\/james.care\/wp-content\/uploads\/2025\/07\/WhatsApp-Bild-2025-06-13-um-13.25.44_f94a6431-1.jpg 1600w, https:\/\/james.care\/wp-content\/uploads\/2025\/07\/WhatsApp-Bild-2025-06-13-um-13.25.44_f94a6431-1-300x300.jpg 300w, https:\/\/james.care\/wp-content\/uploads\/2025\/07\/WhatsApp-Bild-2025-06-13-um-13.25.44_f94a6431-1-1024x1024.jpg 1024w, https:\/\/james.care\/wp-content\/uploads\/2025\/07\/WhatsApp-Bild-2025-06-13-um-13.25.44_f94a6431-1-150x150.jpg 150w, https:\/\/james.care\/wp-content\/uploads\/2025\/07\/WhatsApp-Bild-2025-06-13-um-13.25.44_f94a6431-1-768x768.jpg 768w, https:\/\/james.care\/wp-content\/uploads\/2025\/07\/WhatsApp-Bild-2025-06-13-um-13.25.44_f94a6431-1-1536x1536.jpg 1536w, https:\/\/james.care\/wp-content\/uploads\/2025\/07\/WhatsApp-Bild-2025-06-13-um-13.25.44_f94a6431-1-12x12.jpg 12w, https:\/\/james.care\/wp-content\/uploads\/2025\/07\/WhatsApp-Bild-2025-06-13-um-13.25.44_f94a6431-1-600x600.jpg 600w\" sizes=\"auto, (max-width: 1600px) 100vw, 1600px\" \/>                <\/div>\n            <\/a>\n        \n        \n        <div class=\"bde-loop-item__wrap ee-post-wrap\">\n            \n                            <h3 class=\"ee-post-title\" >\n                    <a class=\"bde-loop-item__title-link ee-post-title-link\" href=\"https:\/\/james.care\/it\/sicherheit-trifft-nachwuchssport\/\"  tabindex=\"-1\">\n                        La sicurezza incontra lo sport giovanile                    <\/a>\n                <\/h3>\n                            <div class=\"bde-loop-item__post-meta ee-post-meta\">\n                    \n                <\/div>\n                            <div class=\"bde-loop-item__content ee-post-content\">\n                    I Cowboys Juniors di Monaco non solo giocano forte, ma sono anche sicuri. Con gli orologi di emergenza JAMES e il MY nextRING, sosteniamo attivamente lo sport giovanile, direttamente...                <\/div>\n            \n        \n    \n    \n    \n                            \n            \n                    \n            \n            \n\n    \n    \n    \n    \n                            \n    <a class=\"breakdance-link button-atom button-atom--text bde-loop-item__button ee-post-button\" href=\"https:\/\/james.care\/it\/sicherheit-trifft-nachwuchssport\/\" target=\"_self\" data-type=\"url\"  aria-label=\"Leggi tutto su La sicurezza incontra lo sport giovanile\" >\n\n    \n        <span class=\"button-atom__text\">Per saperne di pi\u00f9<\/span>\n\n        \n        \n                <\/a>\n\n    \n\n\n\n\n            \n        <\/div>\n\n    <\/article>\n\n    <article class=\"bde-loop-item ee-post\">\n                                <a class=\"bde-loop-item__image-link ee-post-image-link\" href=\"https:\/\/james.care\/it\/allein-unterwegs-aber-nie-auf-dich-allein-gestellt\/\" tabindex=\"-1\">\n                <div class=\"bde-loop-item__image ee-post-image\">\n                    <img loading=\"lazy\" decoding=\"async\" width=\"300\" height=\"182\" src=\"https:\/\/james.care\/wp-content\/uploads\/2025\/07\/Susanne_Happy_Walking-300x182-1.jpg\" class=\"attachment-full size-full wp-post-image\" alt=\"Allein unterwegs &#8211; aber nie auf dich allein gestellt\" srcset=\"https:\/\/james.care\/wp-content\/uploads\/2025\/07\/Susanne_Happy_Walking-300x182-1.jpg 300w, https:\/\/james.care\/wp-content\/uploads\/2025\/07\/Susanne_Happy_Walking-300x182-1-18x12.jpg 18w\" sizes=\"auto, (max-width: 300px) 100vw, 300px\" \/>                <\/div>\n            <\/a>\n        \n        \n        <div class=\"bde-loop-item__wrap ee-post-wrap\">\n            \n                            <h3 class=\"ee-post-title\" >\n                    <a class=\"bde-loop-item__title-link ee-post-title-link\" href=\"https:\/\/james.care\/it\/allein-unterwegs-aber-nie-auf-dich-allein-gestellt\/\"  tabindex=\"-1\">\n                        Viaggiare da soli, ma mai da soli                    <\/a>\n                <\/h3>\n                            <div class=\"bde-loop-item__post-meta ee-post-meta\">\n                    \n                <\/div>\n                            <div class=\"bde-loop-item__content ee-post-content\">\n                    La sicurezza \u00e8 una sensazione che pu\u00f2 cambiare la nostra vita. L'orologio di emergenza JAMES accompagna le persone che vogliono rimanere attive senza compromettere la sicurezza.                <\/div>\n            \n        \n    \n    \n    \n                            \n            \n                    \n            \n            \n\n    \n    \n    \n    \n                            \n    <a class=\"breakdance-link button-atom button-atom--text bde-loop-item__button ee-post-button\" href=\"https:\/\/james.care\/it\/allein-unterwegs-aber-nie-auf-dich-allein-gestellt\/\" target=\"_self\" data-type=\"url\"  aria-label=\"Leggi tutto su Viaggiare da soli - ma mai da soli\" >\n\n    \n        <span class=\"button-atom__text\">Per saperne di pi\u00f9<\/span>\n\n        \n        \n                <\/a>\n\n    \n\n\n\n\n            \n        <\/div>\n\n    <\/article>\n\n    <article class=\"bde-loop-item ee-post\">\n                                <a class=\"bde-loop-item__image-link ee-post-image-link\" href=\"https:\/\/james.care\/it\/ilogs-baut-marktfuehrerschaft-im-bereich-mobiler-notruf-weiter-aus\/\" tabindex=\"-1\">\n                <div class=\"bde-loop-item__image ee-post-image\">\n                    <img loading=\"lazy\" decoding=\"async\" width=\"687\" height=\"540\" src=\"https:\/\/james.care\/wp-content\/uploads\/2025\/07\/ilogs-Europe.png\" class=\"attachment-full size-full wp-post-image\" alt=\"ILOGS baut Marktf\u00fchrerschaft im Bereich \u201eMobiler Notruf\u201c weiter aus\" srcset=\"https:\/\/james.care\/wp-content\/uploads\/2025\/07\/ilogs-Europe.png 687w, https:\/\/james.care\/wp-content\/uploads\/2025\/07\/ilogs-Europe-300x236.png 300w, https:\/\/james.care\/wp-content\/uploads\/2025\/07\/ilogs-Europe-15x12.png 15w, https:\/\/james.care\/wp-content\/uploads\/2025\/07\/ilogs-Europe-600x472.png 600w\" sizes=\"auto, (max-width: 687px) 100vw, 687px\" \/>                <\/div>\n            <\/a>\n        \n        \n        <div class=\"bde-loop-item__wrap ee-post-wrap\">\n            \n                            <h3 class=\"ee-post-title\" >\n                    <a class=\"bde-loop-item__title-link ee-post-title-link\" href=\"https:\/\/james.care\/it\/ilogs-baut-marktfuehrerschaft-im-bereich-mobiler-notruf-weiter-aus\/\"  tabindex=\"-1\">\n                        ILOGS espande ulteriormente la sua leadership di mercato nel settore delle \"chiamate di emergenza mobili\".                    <\/a>\n                <\/h3>\n                            <div class=\"bde-loop-item__post-meta ee-post-meta\">\n                    \n                <\/div>\n                            <div class=\"bde-loop-item__content ee-post-content\">\n                    Pi\u00f9 sicurezza. Pi\u00f9 vicinanza. Pi\u00f9 qualit\u00e0 di vita per gli anziani di tutta Europa. I grandi progetti ilogs in Spagna e nel Regno Unito stanno definendo nuovi standard per l'assistenza domiciliare intelligente.                <\/div>\n            \n        \n    \n    \n    \n                            \n            \n                    \n            \n            \n\n    \n    \n    \n    \n                            \n    <a class=\"breakdance-link button-atom button-atom--text bde-loop-item__button ee-post-button\" href=\"https:\/\/james.care\/it\/ilogs-baut-marktfuehrerschaft-im-bereich-mobiler-notruf-weiter-aus\/\" target=\"_self\" data-type=\"url\"  aria-label=\"Leggi tutto su ILOGS espande la sua leadership di mercato nel settore delle chiamate di emergenza mobili\" >\n\n    \n        <span class=\"button-atom__text\">Per saperne di pi\u00f9<\/span>\n\n        \n        \n                <\/a>\n\n    \n\n\n\n\n            \n        <\/div>\n\n    <\/article>\n\n    <article class=\"bde-loop-item ee-post\">\n                                <a class=\"bde-loop-item__image-link ee-post-image-link\" href=\"https:\/\/james.care\/it\/sicher-durch-den-sommer-mit-james\/\" tabindex=\"-1\">\n                <div class=\"bde-loop-item__image ee-post-image\">\n                    <img loading=\"lazy\" decoding=\"async\" width=\"1100\" height=\"730\" src=\"https:\/\/james.care\/wp-content\/uploads\/2025\/07\/4-e1751889578499.jpg\" class=\"attachment-full size-full wp-post-image\" alt=\"Sicher durch den Sommer \u2013 mit JAMES\" srcset=\"https:\/\/james.care\/wp-content\/uploads\/2025\/07\/4-e1751889578499.jpg 1100w, https:\/\/james.care\/wp-content\/uploads\/2025\/07\/4-e1751889578499-300x199.jpg 300w, https:\/\/james.care\/wp-content\/uploads\/2025\/07\/4-e1751889578499-1024x680.jpg 1024w, https:\/\/james.care\/wp-content\/uploads\/2025\/07\/4-e1751889578499-768x510.jpg 768w, https:\/\/james.care\/wp-content\/uploads\/2025\/07\/4-e1751889578499-18x12.jpg 18w, https:\/\/james.care\/wp-content\/uploads\/2025\/07\/4-e1751889578499-600x398.jpg 600w\" sizes=\"auto, (max-width: 1100px) 100vw, 1100px\" \/>                <\/div>\n            <\/a>\n        \n        \n        <div class=\"bde-loop-item__wrap ee-post-wrap\">\n            \n                            <h3 class=\"ee-post-title\" >\n                    <a class=\"bde-loop-item__title-link ee-post-title-link\" href=\"https:\/\/james.care\/it\/sicher-durch-den-sommer-mit-james\/\"  tabindex=\"-1\">\n                        Attraversare l'estate in sicurezza - con JAMES                    <\/a>\n                <\/h3>\n                            <div class=\"bde-loop-item__post-meta ee-post-meta\">\n                    \n                <\/div>\n                            <div class=\"bde-loop-item__content ee-post-content\">\n                    \"Viaggio molto, ma con JAMES al polso so di non essere mai solo\". Il signor Mei\u00dfner, 78 anni, nonno attivo e portatore di JAMES                <\/div>\n            \n        \n    \n    \n    \n                            \n            \n                    \n            \n            \n\n    \n    \n    \n    \n                            \n    <a class=\"breakdance-link button-atom button-atom--text bde-loop-item__button ee-post-button\" href=\"https:\/\/james.care\/it\/sicher-durch-den-sommer-mit-james\/\" target=\"_self\" data-type=\"url\"  aria-label=\"Per saperne di pi\u00f9 su &quot;Attraversare l&#039;estate in sicurezza - con JAMES\" >\n\n    \n        <span class=\"button-atom__text\">Per saperne di pi\u00f9<\/span>\n\n        \n        \n                <\/a>\n\n    \n\n\n\n\n            \n        <\/div>\n\n    <\/article>\n\n    <article class=\"bde-loop-item ee-post\">\n                                <a class=\"bde-loop-item__image-link ee-post-image-link\" href=\"https:\/\/james.care\/it\/senior-fullstack-software-developer-net\/\" tabindex=\"-1\">\n                <div class=\"bde-loop-item__image ee-post-image\">\n                     <img loading=\"lazy\" decoding=\"async\" src=\"data:image\/svg+xml;base64,PHN2ZyB4bWxucz0iaHR0cDovL3d3dy53My5vcmcvMjAwMC9zdmciIHdpZHRoPSI1NDAiIGhlaWdodD0iNTQwIiB2aWV3Qm94PSIwIDAgMTQwIDE0MCI+PHBhdGggZD0iTTAgMGgxNDB2MTQwSDB6IiBmaWxsPSIjZTVlN2ViIi8+PHBhdGggZD0iTTg4IDgyLjQ2SDUxLjh2LTQuNTJsNi43NC02Ljc0YTEuMTMgMS4xMyAwIDAxMS42IDBsNS4yMyA1LjIzIDEyLjc2LTEyLjc3YTEuMTMgMS4xMyAwIDAxMS42IDBMODggNzEuOTF6IiBmaWxsPSIjZTVlN2ViIi8+PHBhdGggZD0iTTg5LjQ4IDUyLjMySDUwLjI5YTQuNTIgNC41MiAwIDAwLTQuNTIgNC41MlY4NGE0LjUzIDQuNTMgMCAwMDQuNTIgNC41MmgzOS4xOUE0LjUyIDQuNTIgMCAwMDk0IDg0VjU2Ljg0YTQuNTIgNC41MiAwIDAwLTQuNTItNC41MnptLTMzLjE2IDUuMjdhNS4yOCA1LjI4IDAgMTEtNS4yNyA1LjI4IDUuMjcgNS4yNyAwIDAxNS4yNy01LjI4ek04OCA4Mi40Nkg1MS44di00LjUybDYuNzQtNi43NGExLjEzIDEuMTMgMCAwMTEuNiAwbDUuMjMgNS4yMyAxMi43Ni0xMi43N2ExLjEzIDEuMTMgMCAwMTEuNiAwTDg4IDcxLjkxeiIgZmlsbD0iI2QxZDVkYiIvPjwvc3ZnPg==\" width=\"540\" height=\"540\" alt=\"\">                <\/div>\n            <\/a>\n        \n        \n        <div class=\"bde-loop-item__wrap ee-post-wrap\">\n            \n                            <h3 class=\"ee-post-title\" >\n                    <a class=\"bde-loop-item__title-link ee-post-title-link\" href=\"https:\/\/james.care\/it\/senior-fullstack-software-developer-net\/\"  tabindex=\"-1\">\n                        \u00a0Sviluppatore software fullstack senior .NET\u00a0                    <\/a>\n                <\/h3>\n                            <div class=\"bde-loop-item__post-meta ee-post-meta\">\n                    \n                <\/div>\n                            <div class=\"bde-loop-item__content ee-post-content\">\n                    &nbsp;ilogs healthcare \u00e8 un'azienda paneuropea che sviluppa soluzioni digitali per le persone con maggiori esigenze di sicurezza. I nostri orologi di emergenza JAMES salvano vite ogni giorno in tutta Europa. Per l'espansione di ulteriori prodotti...                <\/div>\n            \n        \n    \n    \n    \n                            \n            \n                    \n            \n            \n\n    \n    \n    \n    \n                            \n    <a class=\"breakdance-link button-atom button-atom--text bde-loop-item__button ee-post-button\" href=\"https:\/\/james.care\/it\/senior-fullstack-software-developer-net\/\" target=\"_self\" data-type=\"url\"  aria-label=\"Leggi tutto su Sviluppatore software fullstack senior .NET\u00a0\" >\n\n    \n        <span class=\"button-atom__text\">Per saperne di pi\u00f9<\/span>\n\n        \n        \n                <\/a>\n\n    \n\n\n\n\n            \n        <\/div>\n\n    <\/article>\n\n<\/div><\/div><\/div>\n<\/section>","protected":false},"excerpt":{"rendered":"","protected":false},"author":1,"featured_media":0,"parent":0,"menu_order":0,"comment_status":"closed","ping_status":"closed","template":"","meta":{"_acf_changed":false,"_breakdance_hide_in_design_set":false,"_breakdance_tags":"","footnotes":""},"class_list":["post-21923","page","type-page","status-publish","hentry"],"acf":[],"_links":{"self":[{"href":"https:\/\/james.care\/it\/wp-json\/wp\/v2\/pages\/21923","targetHints":{"allow":["GET"]}}],"collection":[{"href":"https:\/\/james.care\/it\/wp-json\/wp\/v2\/pages"}],"about":[{"href":"https:\/\/james.care\/it\/wp-json\/wp\/v2\/types\/page"}],"author":[{"embeddable":true,"href":"https:\/\/james.care\/it\/wp-json\/wp\/v2\/users\/1"}],"replies":[{"embeddable":true,"href":"https:\/\/james.care\/it\/wp-json\/wp\/v2\/comments?post=21923"}],"version-history":[{"count":0,"href":"https:\/\/james.care\/it\/wp-json\/wp\/v2\/pages\/21923\/revisions"}],"wp:attachment":[{"href":"https:\/\/james.care\/it\/wp-json\/wp\/v2\/media?parent=21923"}],"curies":[{"name":"wp","href":"https:\/\/api.w.org\/{rel}","templated":true}]}}