{"id":21923,"date":"2022-11-23T15:42:09","date_gmt":"2022-11-23T14:42:09","guid":{"rendered":"https:\/\/myjames.shop\/?page_id=21923"},"modified":"2022-12-06T08:13:03","modified_gmt":"2022-12-06T07:13:03","slug":"stories","status":"publish","type":"page","link":"https:\/\/james.care\/fr\/stories\/","title":{"rendered":"+histoires de vie"},"content":{"rendered":"<section class=\"bde-section-21923-100 bde-section\">\n  \n  \n\t\n\n\n\n<div class=\"section-container\"><h1 class=\"bde-heading-21923-103 bde-heading\">\nHistoires de vie\n<\/h1><div class=\"bde-post-list-21923-105 bde-post-list\"><div class=\"bde-loop bde-loop-grid ee-posts ee-posts-grid\">    <article class=\"bde-loop-item ee-post\">\n                                <a class=\"bde-loop-item__image-link ee-post-image-link\" href=\"https:\/\/james.care\/fr\/james-notrufuhr-und-partner-bei-br24\/\" tabindex=\"-1\">\n                <div class=\"bde-loop-item__image ee-post-image\">\n                    <img loading=\"lazy\" decoding=\"async\" width=\"1342\" height=\"862\" src=\"https:\/\/james.care\/wp-content\/uploads\/2025\/09\/James-Notrufuhr-Hausnotruf-Reisezeit-Bericht-Bayrischer-Rundfunk.png\" class=\"attachment-full size-full wp-post-image\" alt=\"JAMES Notrufuhr &amp; unser Partner bei BR24\" srcset=\"https:\/\/james.care\/wp-content\/uploads\/2025\/09\/James-Notrufuhr-Hausnotruf-Reisezeit-Bericht-Bayrischer-Rundfunk.png 1342w, https:\/\/james.care\/wp-content\/uploads\/2025\/09\/James-Notrufuhr-Hausnotruf-Reisezeit-Bericht-Bayrischer-Rundfunk-300x193.png 300w, https:\/\/james.care\/wp-content\/uploads\/2025\/09\/James-Notrufuhr-Hausnotruf-Reisezeit-Bericht-Bayrischer-Rundfunk-1024x658.png 1024w, https:\/\/james.care\/wp-content\/uploads\/2025\/09\/James-Notrufuhr-Hausnotruf-Reisezeit-Bericht-Bayrischer-Rundfunk-768x493.png 768w, https:\/\/james.care\/wp-content\/uploads\/2025\/09\/James-Notrufuhr-Hausnotruf-Reisezeit-Bericht-Bayrischer-Rundfunk-18x12.png 18w, https:\/\/james.care\/wp-content\/uploads\/2025\/09\/James-Notrufuhr-Hausnotruf-Reisezeit-Bericht-Bayrischer-Rundfunk-600x385.png 600w\" sizes=\"auto, (max-width: 1342px) 100vw, 1342px\" \/>                <\/div>\n            <\/a>\n        \n        \n        <div class=\"bde-loop-item__wrap ee-post-wrap\">\n            \n                            <h3 class=\"ee-post-title\" >\n                    <a class=\"bde-loop-item__title-link ee-post-title-link\" href=\"https:\/\/james.care\/fr\/james-notrufuhr-und-partner-bei-br24\/\"  tabindex=\"-1\">\n                        JAMES montre d'appel d'urgence &amp; notre partenaire sur BR24                    <\/a>\n                <\/h3>\n                            <div class=\"bde-loop-item__post-meta ee-post-meta\">\n                    \n                <\/div>\n                            <div class=\"bde-loop-item__content ee-post-content\">\n                    Lorsque l'on parle de syst\u00e8mes modernes d'appel d'urgence \u00e0 domicile, JAMES est incontournable. La Croix-Rouge bavaroise mise sur notre montre d'appel d'urgence JAMES - comme le fait \u00e9galement la radio bavaroise dans un reportage actuel de BR24...                <\/div>\n            \n        \n    \n    \n    \n                            \n            \n                    \n            \n            \n\n    \n    \n    \n    \n                            \n    <a class=\"breakdance-link button-atom button-atom--text bde-loop-item__button ee-post-button\" href=\"https:\/\/james.care\/fr\/james-notrufuhr-und-partner-bei-br24\/\" target=\"_self\" data-type=\"url\"  aria-label=\"Read more about Montre d&#039;appel d&#039;urgence JAMES &amp; notre partenaire sur BR24\" >\n\n    \n        <span class=\"button-atom__text\">Lire la suite<\/span>\n\n        \n        \n                <\/a>\n\n    \n\n\n\n\n            \n        <\/div>\n\n    <\/article>\n\n    <article class=\"bde-loop-item ee-post\">\n                                <a class=\"bde-loop-item__image-link ee-post-image-link\" href=\"https:\/\/james.care\/fr\/ilogs-healthcare-expandiert-gruendung-des-deutschen-tochterunternehmens\/\" tabindex=\"-1\">\n                <div class=\"bde-loop-item__image ee-post-image\">\n                    <img loading=\"lazy\" decoding=\"async\" width=\"1200\" height=\"946\" src=\"https:\/\/james.care\/wp-content\/uploads\/2023\/01\/ilogs_de_munich.jpg\" class=\"attachment-full size-full wp-post-image\" alt=\"ilogs healthcare expandiert: Gr\u00fcndung des deutschen Tochterunternehmens\" srcset=\"https:\/\/james.care\/wp-content\/uploads\/2023\/01\/ilogs_de_munich.jpg 1200w, https:\/\/james.care\/wp-content\/uploads\/2023\/01\/ilogs_de_munich-300x237.jpg 300w, https:\/\/james.care\/wp-content\/uploads\/2023\/01\/ilogs_de_munich-1024x807.jpg 1024w, https:\/\/james.care\/wp-content\/uploads\/2023\/01\/ilogs_de_munich-768x605.jpg 768w, https:\/\/james.care\/wp-content\/uploads\/2023\/01\/ilogs_de_munich-15x12.jpg 15w, https:\/\/james.care\/wp-content\/uploads\/2023\/01\/ilogs_de_munich-600x473.jpg 600w\" sizes=\"auto, (max-width: 1200px) 100vw, 1200px\" \/>                <\/div>\n            <\/a>\n        \n        \n        <div class=\"bde-loop-item__wrap ee-post-wrap\">\n            \n                            <h3 class=\"ee-post-title\" >\n                    <a class=\"bde-loop-item__title-link ee-post-title-link\" href=\"https:\/\/james.care\/fr\/ilogs-healthcare-expandiert-gruendung-des-deutschen-tochterunternehmens\/\"  tabindex=\"-1\">\n                        ilogs healthcare s'\u00e9tend : Cr\u00e9ation de la filiale allemande                    <\/a>\n                <\/h3>\n                            <div class=\"bde-loop-item__post-meta ee-post-meta\">\n                    \n                <\/div>\n                            <div class=\"bde-loop-item__content ee-post-content\">\n                    Le 5.1.2023, ilogs healthcare a fond\u00e9 \u00e0 Munich sa filiale allemande du m\u00eame nom.                <\/div>\n            \n        \n    \n    \n    \n                            \n            \n                    \n            \n            \n\n    \n    \n    \n    \n                            \n    <a class=\"breakdance-link button-atom button-atom--text bde-loop-item__button ee-post-button\" href=\"https:\/\/james.care\/fr\/ilogs-healthcare-expandiert-gruendung-des-deutschen-tochterunternehmens\/\" target=\"_self\" data-type=\"url\"  aria-label=\"Read more about ilogs healthcare s&#039;\u00e9tend : Cr\u00e9ation de la filiale allemande\" >\n\n    \n        <span class=\"button-atom__text\">Lire la suite<\/span>\n\n        \n        \n                <\/a>\n\n    \n\n\n\n\n            \n        <\/div>\n\n    <\/article>\n\n    <article class=\"bde-loop-item ee-post\">\n                                <a class=\"bde-loop-item__image-link ee-post-image-link\" href=\"https:\/\/james.care\/fr\/ilogs-healthcare-james-kooperieren-mit-dem-oepc\/\" tabindex=\"-1\">\n                <div class=\"bde-loop-item__image ee-post-image\">\n                    <img loading=\"lazy\" decoding=\"async\" width=\"2560\" height=\"1708\" src=\"https:\/\/james.care\/wp-content\/uploads\/2026\/03\/Sport-R9-1-scaled.jpg\" class=\"attachment-full size-full wp-post-image\" alt=\"ilogs\u00a0healthcare\u00a0&amp; James kooperieren mit dem \u00d6PC\u00a0\" srcset=\"https:\/\/james.care\/wp-content\/uploads\/2026\/03\/Sport-R9-1-scaled.jpg 2560w, https:\/\/james.care\/wp-content\/uploads\/2026\/03\/Sport-R9-1-300x200.jpg 300w, https:\/\/james.care\/wp-content\/uploads\/2026\/03\/Sport-R9-1-1024x683.jpg 1024w, https:\/\/james.care\/wp-content\/uploads\/2026\/03\/Sport-R9-1-768x512.jpg 768w, https:\/\/james.care\/wp-content\/uploads\/2026\/03\/Sport-R9-1-1536x1025.jpg 1536w, https:\/\/james.care\/wp-content\/uploads\/2026\/03\/Sport-R9-1-2048x1366.jpg 2048w, https:\/\/james.care\/wp-content\/uploads\/2026\/03\/Sport-R9-1-18x12.jpg 18w, https:\/\/james.care\/wp-content\/uploads\/2026\/03\/Sport-R9-1-600x400.jpg 600w\" sizes=\"auto, (max-width: 2560px) 100vw, 2560px\" \/>                <\/div>\n            <\/a>\n        \n        \n        <div class=\"bde-loop-item__wrap ee-post-wrap\">\n            \n                            <h3 class=\"ee-post-title\" >\n                    <a class=\"bde-loop-item__title-link ee-post-title-link\" href=\"https:\/\/james.care\/fr\/ilogs-healthcare-james-kooperieren-mit-dem-oepc\/\"  tabindex=\"-1\">\n                        ilogs healthcare &amp; James coop\u00e8rent avec l'\u00d6PC\u00a0                    <\/a>\n                <\/h3>\n                            <div class=\"bde-loop-item__post-meta ee-post-meta\">\n                    \n                <\/div>\n                            <div class=\"bde-loop-item__content ee-post-content\">\n                    L'\u00e9quipe d'ilogs healthcare GmbH et de James Telecare se r\u00e9jouit du nouveau partenariat avec le Comit\u00e9 paralympique autrichien (\u00d6PC). Nous soutenons ainsi les athl\u00e8tes sur leur chemin vers les Jeux Paralympiques de Milan...                <\/div>\n            \n        \n    \n    \n    \n                            \n            \n                    \n            \n            \n\n    \n    \n    \n    \n                            \n    <a class=\"breakdance-link button-atom button-atom--text bde-loop-item__button ee-post-button\" href=\"https:\/\/james.care\/fr\/ilogs-healthcare-james-kooperieren-mit-dem-oepc\/\" target=\"_self\" data-type=\"url\"  aria-label=\"Read more about ilogs healthcare &amp; James coop\u00e8rent avec l&#039;\u00d6PC\" >\n\n    \n        <span class=\"button-atom__text\">Lire la suite<\/span>\n\n        \n        \n                <\/a>\n\n    \n\n\n\n\n            \n        <\/div>\n\n    <\/article>\n\n    <article class=\"bde-loop-item ee-post\">\n                                <a class=\"bde-loop-item__image-link ee-post-image-link\" href=\"https:\/\/james.care\/fr\/senior-software-architect-lead-engineer-m-w-d-net-devops-testing-ai-first-dev\/\" tabindex=\"-1\">\n                <div class=\"bde-loop-item__image ee-post-image\">\n                     <img loading=\"lazy\" decoding=\"async\" src=\"data:image\/svg+xml;base64,PHN2ZyB4bWxucz0iaHR0cDovL3d3dy53My5vcmcvMjAwMC9zdmciIHdpZHRoPSI1NDAiIGhlaWdodD0iNTQwIiB2aWV3Qm94PSIwIDAgMTQwIDE0MCI+PHBhdGggZD0iTTAgMGgxNDB2MTQwSDB6IiBmaWxsPSIjZTVlN2ViIi8+PHBhdGggZD0iTTg4IDgyLjQ2SDUxLjh2LTQuNTJsNi43NC02Ljc0YTEuMTMgMS4xMyAwIDAxMS42IDBsNS4yMyA1LjIzIDEyLjc2LTEyLjc3YTEuMTMgMS4xMyAwIDAxMS42IDBMODggNzEuOTF6IiBmaWxsPSIjZTVlN2ViIi8+PHBhdGggZD0iTTg5LjQ4IDUyLjMySDUwLjI5YTQuNTIgNC41MiAwIDAwLTQuNTIgNC41MlY4NGE0LjUzIDQuNTMgMCAwMDQuNTIgNC41MmgzOS4xOUE0LjUyIDQuNTIgMCAwMDk0IDg0VjU2Ljg0YTQuNTIgNC41MiAwIDAwLTQuNTItNC41MnptLTMzLjE2IDUuMjdhNS4yOCA1LjI4IDAgMTEtNS4yNyA1LjI4IDUuMjcgNS4yNyAwIDAxNS4yNy01LjI4ek04OCA4Mi40Nkg1MS44di00LjUybDYuNzQtNi43NGExLjEzIDEuMTMgMCAwMTEuNiAwbDUuMjMgNS4yMyAxMi43Ni0xMi43N2ExLjEzIDEuMTMgMCAwMTEuNiAwTDg4IDcxLjkxeiIgZmlsbD0iI2QxZDVkYiIvPjwvc3ZnPg==\" width=\"540\" height=\"540\" alt=\"\">                <\/div>\n            <\/a>\n        \n        \n        <div class=\"bde-loop-item__wrap ee-post-wrap\">\n            \n                            <h3 class=\"ee-post-title\" >\n                    <a class=\"bde-loop-item__title-link ee-post-title-link\" href=\"https:\/\/james.care\/fr\/senior-software-architect-lead-engineer-m-w-d-net-devops-testing-ai-first-dev\/\"  tabindex=\"-1\">\n                        Architecte logiciel senior \/ Lead Engineer (m\/f) - .NET | DevOps | Testing | AI-first Dev                    <\/a>\n                <\/h3>\n                            <div class=\"bde-loop-item__post-meta ee-post-meta\">\n                    \n                <\/div>\n                            <div class=\"bde-loop-item__content ee-post-content\">\n                    Nous recherchons un professionnel exp\u00e9riment\u00e9, capable de prendre des d\u00e9cisions architecturales de mani\u00e8re souveraine, de respecter les normes d'ing\u00e9nierie et d'assurer le d\u00e9veloppement de nos produits et de nos services...                <\/div>\n            \n        \n    \n    \n    \n                            \n            \n                    \n            \n            \n\n    \n    \n    \n    \n                            \n    <a class=\"breakdance-link button-atom button-atom--text bde-loop-item__button ee-post-button\" href=\"https:\/\/james.care\/fr\/senior-software-architect-lead-engineer-m-w-d-net-devops-testing-ai-first-dev\/\" target=\"_self\" data-type=\"url\"  aria-label=\"Read more about Architecte logiciel senior \/ ing\u00e9nieur principal - .NET | DevOps | Testing | AI-first Dev\" >\n\n    \n        <span class=\"button-atom__text\">Lire la suite<\/span>\n\n        \n        \n                <\/a>\n\n    \n\n\n\n\n            \n        <\/div>\n\n    <\/article>\n\n    <article class=\"bde-loop-item ee-post\">\n                                <a class=\"bde-loop-item__image-link ee-post-image-link\" href=\"https:\/\/james.care\/fr\/echnischer-vertriebsmitarbeiter-m-w-d-deutschland-in-vollzeit\/\" tabindex=\"-1\">\n                <div class=\"bde-loop-item__image ee-post-image\">\n                     <img loading=\"lazy\" decoding=\"async\" src=\"data:image\/svg+xml;base64,PHN2ZyB4bWxucz0iaHR0cDovL3d3dy53My5vcmcvMjAwMC9zdmciIHdpZHRoPSI1NDAiIGhlaWdodD0iNTQwIiB2aWV3Qm94PSIwIDAgMTQwIDE0MCI+PHBhdGggZD0iTTAgMGgxNDB2MTQwSDB6IiBmaWxsPSIjZTVlN2ViIi8+PHBhdGggZD0iTTg4IDgyLjQ2SDUxLjh2LTQuNTJsNi43NC02Ljc0YTEuMTMgMS4xMyAwIDAxMS42IDBsNS4yMyA1LjIzIDEyLjc2LTEyLjc3YTEuMTMgMS4xMyAwIDAxMS42IDBMODggNzEuOTF6IiBmaWxsPSIjZTVlN2ViIi8+PHBhdGggZD0iTTg5LjQ4IDUyLjMySDUwLjI5YTQuNTIgNC41MiAwIDAwLTQuNTIgNC41MlY4NGE0LjUzIDQuNTMgMCAwMDQuNTIgNC41MmgzOS4xOUE0LjUyIDQuNTIgMCAwMDk0IDg0VjU2Ljg0YTQuNTIgNC41MiAwIDAwLTQuNTItNC41MnptLTMzLjE2IDUuMjdhNS4yOCA1LjI4IDAgMTEtNS4yNyA1LjI4IDUuMjcgNS4yNyAwIDAxNS4yNy01LjI4ek04OCA4Mi40Nkg1MS44di00LjUybDYuNzQtNi43NGExLjEzIDEuMTMgMCAwMTEuNiAwbDUuMjMgNS4yMyAxMi43Ni0xMi43N2ExLjEzIDEuMTMgMCAwMTEuNiAwTDg4IDcxLjkxeiIgZmlsbD0iI2QxZDVkYiIvPjwvc3ZnPg==\" width=\"540\" height=\"540\" alt=\"\">                <\/div>\n            <\/a>\n        \n        \n        <div class=\"bde-loop-item__wrap ee-post-wrap\">\n            \n                            <h3 class=\"ee-post-title\" >\n                    <a class=\"bde-loop-item__title-link ee-post-title-link\" href=\"https:\/\/james.care\/fr\/echnischer-vertriebsmitarbeiter-m-w-d-deutschland-in-vollzeit\/\"  tabindex=\"-1\">\n                        Technico-commercial (h\/f) Allemagne \u00e0 temps plein                    <\/a>\n                <\/h3>\n                            <div class=\"bde-loop-item__post-meta ee-post-meta\">\n                    \n                <\/div>\n                            <div class=\"bde-loop-item__content ee-post-content\">\n                    Vous souhaitez participer activement \u00e0 la construction de l'avenir du secteur de la sant\u00e9 ? Chez ilogs Healthcare, nous recherchons un technico-commercial motiv\u00e9 pour pr\u00e9senter nos solutions innovantes dans le secteur de la sant\u00e9 et travailler avec nous \u00e0 l'\u00e9volution num\u00e9rique...                <\/div>\n            \n        \n    \n    \n    \n                            \n            \n                    \n            \n            \n\n    \n    \n    \n    \n                            \n    <a class=\"breakdance-link button-atom button-atom--text bde-loop-item__button ee-post-button\" href=\"https:\/\/james.care\/fr\/echnischer-vertriebsmitarbeiter-m-w-d-deutschland-in-vollzeit\/\" target=\"_self\" data-type=\"url\"  aria-label=\"Read more about Technico-commercial (h\/f) Allemagne \u00e0 temps plein\" >\n\n    \n        <span class=\"button-atom__text\">Lire la suite<\/span>\n\n        \n        \n                <\/a>\n\n    \n\n\n\n\n            \n        <\/div>\n\n    <\/article>\n\n    <article class=\"bde-loop-item ee-post\">\n                                <a class=\"bde-loop-item__image-link ee-post-image-link\" href=\"https:\/\/james.care\/fr\/wer-geht-gewinnt-aktiv-im-alter-mit-james\/\" tabindex=\"-1\">\n                <div class=\"bde-loop-item__image ee-post-image\">\n                    <img loading=\"lazy\" decoding=\"async\" width=\"2560\" height=\"1707\" src=\"https:\/\/james.care\/wp-content\/uploads\/2025\/08\/senior-pensioner-couple-with-smartphone-running-by-2024-10-18-09-20-35-utc-scaled.jpg\" class=\"attachment-full size-full wp-post-image\" alt=\"Wer geht, gewinnt: Aktiv im Alter mit JAMES\" srcset=\"https:\/\/james.care\/wp-content\/uploads\/2025\/08\/senior-pensioner-couple-with-smartphone-running-by-2024-10-18-09-20-35-utc-scaled.jpg 2560w, https:\/\/james.care\/wp-content\/uploads\/2025\/08\/senior-pensioner-couple-with-smartphone-running-by-2024-10-18-09-20-35-utc-300x200.jpg 300w, https:\/\/james.care\/wp-content\/uploads\/2025\/08\/senior-pensioner-couple-with-smartphone-running-by-2024-10-18-09-20-35-utc-1024x683.jpg 1024w, https:\/\/james.care\/wp-content\/uploads\/2025\/08\/senior-pensioner-couple-with-smartphone-running-by-2024-10-18-09-20-35-utc-768x512.jpg 768w, https:\/\/james.care\/wp-content\/uploads\/2025\/08\/senior-pensioner-couple-with-smartphone-running-by-2024-10-18-09-20-35-utc-1536x1024.jpg 1536w, https:\/\/james.care\/wp-content\/uploads\/2025\/08\/senior-pensioner-couple-with-smartphone-running-by-2024-10-18-09-20-35-utc-2048x1365.jpg 2048w, https:\/\/james.care\/wp-content\/uploads\/2025\/08\/senior-pensioner-couple-with-smartphone-running-by-2024-10-18-09-20-35-utc-18x12.jpg 18w, https:\/\/james.care\/wp-content\/uploads\/2025\/08\/senior-pensioner-couple-with-smartphone-running-by-2024-10-18-09-20-35-utc-600x400.jpg 600w\" sizes=\"auto, (max-width: 2560px) 100vw, 2560px\" \/>                <\/div>\n            <\/a>\n        \n        \n        <div class=\"bde-loop-item__wrap ee-post-wrap\">\n            \n                            <h3 class=\"ee-post-title\" >\n                    <a class=\"bde-loop-item__title-link ee-post-title-link\" href=\"https:\/\/james.care\/fr\/wer-geht-gewinnt-aktiv-im-alter-mit-james\/\"  tabindex=\"-1\">\n                        Qui marche gagne : rester actif avec l'\u00e2ge gr\u00e2ce \u00e0 JAMES                    <\/a>\n                <\/h3>\n                            <div class=\"bde-loop-item__post-meta ee-post-meta\">\n                    \n                <\/div>\n                            <div class=\"bde-loop-item__content ee-post-content\">\n                    Des \u00e9tudes montrent que : L'activit\u00e9 physique n'am\u00e9liore pas seulement la sant\u00e9 physique, mais aussi l'humeur et les capacit\u00e9s cognitives. Les personnes qui font r\u00e9guli\u00e8rement de l'exercice restent autonomes plus longtemps, ont confiance en elles - et se sentent plus vivantes....                <\/div>\n            \n        \n    \n    \n    \n                            \n            \n                    \n            \n            \n\n    \n    \n    \n    \n                            \n    <a class=\"breakdance-link button-atom button-atom--text bde-loop-item__button ee-post-button\" href=\"https:\/\/james.care\/fr\/wer-geht-gewinnt-aktiv-im-alter-mit-james\/\" target=\"_self\" data-type=\"url\"  aria-label=\"Read more about Qui marche gagne : rester actif avec l&#039;\u00e2ge gr\u00e2ce \u00e0 JAMES\" >\n\n    \n        <span class=\"button-atom__text\">Lire la suite<\/span>\n\n        \n        \n                <\/a>\n\n    \n\n\n\n\n            \n        <\/div>\n\n    <\/article>\n\n    <article class=\"bde-loop-item ee-post\">\n                                <a class=\"bde-loop-item__image-link ee-post-image-link\" href=\"https:\/\/james.care\/fr\/sicherheit-trifft-nachwuchssport\/\" tabindex=\"-1\">\n                <div class=\"bde-loop-item__image ee-post-image\">\n                    <img loading=\"lazy\" decoding=\"async\" width=\"1600\" height=\"1600\" src=\"https:\/\/james.care\/wp-content\/uploads\/2025\/07\/WhatsApp-Bild-2025-06-13-um-13.25.44_f94a6431-1.jpg\" class=\"attachment-full size-full wp-post-image\" alt=\"Sicherheit trifft Nachwuchssport\" srcset=\"https:\/\/james.care\/wp-content\/uploads\/2025\/07\/WhatsApp-Bild-2025-06-13-um-13.25.44_f94a6431-1.jpg 1600w, https:\/\/james.care\/wp-content\/uploads\/2025\/07\/WhatsApp-Bild-2025-06-13-um-13.25.44_f94a6431-1-300x300.jpg 300w, https:\/\/james.care\/wp-content\/uploads\/2025\/07\/WhatsApp-Bild-2025-06-13-um-13.25.44_f94a6431-1-1024x1024.jpg 1024w, https:\/\/james.care\/wp-content\/uploads\/2025\/07\/WhatsApp-Bild-2025-06-13-um-13.25.44_f94a6431-1-150x150.jpg 150w, https:\/\/james.care\/wp-content\/uploads\/2025\/07\/WhatsApp-Bild-2025-06-13-um-13.25.44_f94a6431-1-768x768.jpg 768w, https:\/\/james.care\/wp-content\/uploads\/2025\/07\/WhatsApp-Bild-2025-06-13-um-13.25.44_f94a6431-1-1536x1536.jpg 1536w, https:\/\/james.care\/wp-content\/uploads\/2025\/07\/WhatsApp-Bild-2025-06-13-um-13.25.44_f94a6431-1-12x12.jpg 12w, https:\/\/james.care\/wp-content\/uploads\/2025\/07\/WhatsApp-Bild-2025-06-13-um-13.25.44_f94a6431-1-600x600.jpg 600w\" sizes=\"auto, (max-width: 1600px) 100vw, 1600px\" \/>                <\/div>\n            <\/a>\n        \n        \n        <div class=\"bde-loop-item__wrap ee-post-wrap\">\n            \n                            <h3 class=\"ee-post-title\" >\n                    <a class=\"bde-loop-item__title-link ee-post-title-link\" href=\"https:\/\/james.care\/fr\/sicherheit-trifft-nachwuchssport\/\"  tabindex=\"-1\">\n                        La s\u00e9curit\u00e9 rencontre le sport de la rel\u00e8ve                    <\/a>\n                <\/h3>\n                            <div class=\"bde-loop-item__post-meta ee-post-meta\">\n                    \n                <\/div>\n                            <div class=\"bde-loop-item__content ee-post-content\">\n                    D\u00e8s maintenant, les Munich Cowboys Juniors ne jouent pas seulement en force - mais aussi en s\u00e9curit\u00e9. Avec les montres d'appel d'urgence JAMES &amp; le MY nextRING, nous soutenons activement le sport des jeunes - directement sur...                <\/div>\n            \n        \n    \n    \n    \n                            \n            \n                    \n            \n            \n\n    \n    \n    \n    \n                            \n    <a class=\"breakdance-link button-atom button-atom--text bde-loop-item__button ee-post-button\" href=\"https:\/\/james.care\/fr\/sicherheit-trifft-nachwuchssport\/\" target=\"_self\" data-type=\"url\"  aria-label=\"Read more about La s\u00e9curit\u00e9 \u00e0 la rencontre du sport de la rel\u00e8ve\" >\n\n    \n        <span class=\"button-atom__text\">Lire la suite<\/span>\n\n        \n        \n                <\/a>\n\n    \n\n\n\n\n            \n        <\/div>\n\n    <\/article>\n\n    <article class=\"bde-loop-item ee-post\">\n                                <a class=\"bde-loop-item__image-link ee-post-image-link\" href=\"https:\/\/james.care\/fr\/allein-unterwegs-aber-nie-auf-dich-allein-gestellt\/\" tabindex=\"-1\">\n                <div class=\"bde-loop-item__image ee-post-image\">\n                    <img loading=\"lazy\" decoding=\"async\" width=\"300\" height=\"182\" src=\"https:\/\/james.care\/wp-content\/uploads\/2025\/07\/Susanne_Happy_Walking-300x182-1.jpg\" class=\"attachment-full size-full wp-post-image\" alt=\"Allein unterwegs &#8211; aber nie auf dich allein gestellt\" srcset=\"https:\/\/james.care\/wp-content\/uploads\/2025\/07\/Susanne_Happy_Walking-300x182-1.jpg 300w, https:\/\/james.care\/wp-content\/uploads\/2025\/07\/Susanne_Happy_Walking-300x182-1-18x12.jpg 18w\" sizes=\"auto, (max-width: 300px) 100vw, 300px\" \/>                <\/div>\n            <\/a>\n        \n        \n        <div class=\"bde-loop-item__wrap ee-post-wrap\">\n            \n                            <h3 class=\"ee-post-title\" >\n                    <a class=\"bde-loop-item__title-link ee-post-title-link\" href=\"https:\/\/james.care\/fr\/allein-unterwegs-aber-nie-auf-dich-allein-gestellt\/\"  tabindex=\"-1\">\n                        Voyager seul - mais ne jamais \u00eatre livr\u00e9 \u00e0 soi-m\u00eame                    <\/a>\n                <\/h3>\n                            <div class=\"bde-loop-item__post-meta ee-post-meta\">\n                    \n                <\/div>\n                            <div class=\"bde-loop-item__content ee-post-content\">\n                    La s\u00e9curit\u00e9 est un sentiment - et ce sentiment peut changer notre vie. La montre d'appel d'urgence JAMES accompagne les personnes qui souhaitent rester actives sans pour autant renoncer \u00e0 la s\u00e9curit\u00e9.                <\/div>\n            \n        \n    \n    \n    \n                            \n            \n                    \n            \n            \n\n    \n    \n    \n    \n                            \n    <a class=\"breakdance-link button-atom button-atom--text bde-loop-item__button ee-post-button\" href=\"https:\/\/james.care\/fr\/allein-unterwegs-aber-nie-auf-dich-allein-gestellt\/\" target=\"_self\" data-type=\"url\"  aria-label=\"Read more about Voyager seul - mais jamais livr\u00e9 \u00e0 toi-m\u00eame\" >\n\n    \n        <span class=\"button-atom__text\">Lire la suite<\/span>\n\n        \n        \n                <\/a>\n\n    \n\n\n\n\n            \n        <\/div>\n\n    <\/article>\n\n    <article class=\"bde-loop-item ee-post\">\n                                <a class=\"bde-loop-item__image-link ee-post-image-link\" href=\"https:\/\/james.care\/fr\/ilogs-baut-marktfuehrerschaft-im-bereich-mobiler-notruf-weiter-aus\/\" tabindex=\"-1\">\n                <div class=\"bde-loop-item__image ee-post-image\">\n                    <img loading=\"lazy\" decoding=\"async\" width=\"687\" height=\"540\" src=\"https:\/\/james.care\/wp-content\/uploads\/2025\/07\/ilogs-Europe.png\" class=\"attachment-full size-full wp-post-image\" alt=\"ILOGS baut Marktf\u00fchrerschaft im Bereich \u201eMobiler Notruf\u201c weiter aus\" srcset=\"https:\/\/james.care\/wp-content\/uploads\/2025\/07\/ilogs-Europe.png 687w, https:\/\/james.care\/wp-content\/uploads\/2025\/07\/ilogs-Europe-300x236.png 300w, https:\/\/james.care\/wp-content\/uploads\/2025\/07\/ilogs-Europe-15x12.png 15w, https:\/\/james.care\/wp-content\/uploads\/2025\/07\/ilogs-Europe-600x472.png 600w\" sizes=\"auto, (max-width: 687px) 100vw, 687px\" \/>                <\/div>\n            <\/a>\n        \n        \n        <div class=\"bde-loop-item__wrap ee-post-wrap\">\n            \n                            <h3 class=\"ee-post-title\" >\n                    <a class=\"bde-loop-item__title-link ee-post-title-link\" href=\"https:\/\/james.care\/fr\/ilogs-baut-marktfuehrerschaft-im-bereich-mobiler-notruf-weiter-aus\/\"  tabindex=\"-1\">\n                        ILOGS renforce sa position de leader sur le march\u00e9 des \"appels d'urgence mobiles                    <\/a>\n                <\/h3>\n                            <div class=\"bde-loop-item__post-meta ee-post-meta\">\n                    \n                <\/div>\n                            <div class=\"bde-loop-item__content ee-post-content\">\n                    Plus de s\u00e9curit\u00e9. Plus de proximit\u00e9. Plus de qualit\u00e9 de vie - pour les personnes \u00e2g\u00e9es dans toute l'Europe. Les grands projets d'ilogs en Espagne et en Grande-Bretagne \u00e9tablissent de nouvelles normes en mati\u00e8re de soins intelligents \u00e0 domicile.                <\/div>\n            \n        \n    \n    \n    \n                            \n            \n                    \n            \n            \n\n    \n    \n    \n    \n                            \n    <a class=\"breakdance-link button-atom button-atom--text bde-loop-item__button ee-post-button\" href=\"https:\/\/james.care\/fr\/ilogs-baut-marktfuehrerschaft-im-bereich-mobiler-notruf-weiter-aus\/\" target=\"_self\" data-type=\"url\"  aria-label=\"Read more about ILOGS renforce sa position de leader sur le march\u00e9 des \u201eappels d&#039;urgence mobiles\" >\n\n    \n        <span class=\"button-atom__text\">Lire la suite<\/span>\n\n        \n        \n                <\/a>\n\n    \n\n\n\n\n            \n        <\/div>\n\n    <\/article>\n\n    <article class=\"bde-loop-item ee-post\">\n                                <a class=\"bde-loop-item__image-link ee-post-image-link\" href=\"https:\/\/james.care\/fr\/sicher-durch-den-sommer-mit-james\/\" tabindex=\"-1\">\n                <div class=\"bde-loop-item__image ee-post-image\">\n                    <img loading=\"lazy\" decoding=\"async\" width=\"1100\" height=\"730\" src=\"https:\/\/james.care\/wp-content\/uploads\/2025\/07\/4-e1751889578499.jpg\" class=\"attachment-full size-full wp-post-image\" alt=\"Sicher durch den Sommer \u2013 mit JAMES\" srcset=\"https:\/\/james.care\/wp-content\/uploads\/2025\/07\/4-e1751889578499.jpg 1100w, https:\/\/james.care\/wp-content\/uploads\/2025\/07\/4-e1751889578499-300x199.jpg 300w, https:\/\/james.care\/wp-content\/uploads\/2025\/07\/4-e1751889578499-1024x680.jpg 1024w, https:\/\/james.care\/wp-content\/uploads\/2025\/07\/4-e1751889578499-768x510.jpg 768w, https:\/\/james.care\/wp-content\/uploads\/2025\/07\/4-e1751889578499-18x12.jpg 18w, https:\/\/james.care\/wp-content\/uploads\/2025\/07\/4-e1751889578499-600x398.jpg 600w\" sizes=\"auto, (max-width: 1100px) 100vw, 1100px\" \/>                <\/div>\n            <\/a>\n        \n        \n        <div class=\"bde-loop-item__wrap ee-post-wrap\">\n            \n                            <h3 class=\"ee-post-title\" >\n                    <a class=\"bde-loop-item__title-link ee-post-title-link\" href=\"https:\/\/james.care\/fr\/sicher-durch-den-sommer-mit-james\/\"  tabindex=\"-1\">\n                        Passer l'\u00e9t\u00e9 en toute s\u00e9curit\u00e9 - avec JAMES                    <\/a>\n                <\/h3>\n                            <div class=\"bde-loop-item__post-meta ee-post-meta\">\n                    \n                <\/div>\n                            <div class=\"bde-loop-item__content ee-post-content\">\n                    \"Je suis souvent en d\u00e9placement - mais avec JAMES au poignet, je sais que je ne suis jamais seul\". M. Mei\u00dfner, 78 ans, grand-p\u00e8re actif et porteur de JAMES                <\/div>\n            \n        \n    \n    \n    \n                            \n            \n                    \n            \n            \n\n    \n    \n    \n    \n                            \n    <a class=\"breakdance-link button-atom button-atom--text bde-loop-item__button ee-post-button\" href=\"https:\/\/james.care\/fr\/sicher-durch-den-sommer-mit-james\/\" target=\"_self\" data-type=\"url\"  aria-label=\"Read more about Passer l&#039;\u00e9t\u00e9 en toute s\u00e9curit\u00e9 - avec JAMES\" >\n\n    \n        <span class=\"button-atom__text\">Lire la suite<\/span>\n\n        \n        \n                <\/a>\n\n    \n\n\n\n\n            \n        <\/div>\n\n    <\/article>\n\n    <article class=\"bde-loop-item ee-post\">\n                                <a class=\"bde-loop-item__image-link ee-post-image-link\" href=\"https:\/\/james.care\/fr\/senior-fullstack-software-developer-net\/\" tabindex=\"-1\">\n                <div class=\"bde-loop-item__image ee-post-image\">\n                     <img loading=\"lazy\" decoding=\"async\" src=\"data:image\/svg+xml;base64,PHN2ZyB4bWxucz0iaHR0cDovL3d3dy53My5vcmcvMjAwMC9zdmciIHdpZHRoPSI1NDAiIGhlaWdodD0iNTQwIiB2aWV3Qm94PSIwIDAgMTQwIDE0MCI+PHBhdGggZD0iTTAgMGgxNDB2MTQwSDB6IiBmaWxsPSIjZTVlN2ViIi8+PHBhdGggZD0iTTg4IDgyLjQ2SDUxLjh2LTQuNTJsNi43NC02Ljc0YTEuMTMgMS4xMyAwIDAxMS42IDBsNS4yMyA1LjIzIDEyLjc2LTEyLjc3YTEuMTMgMS4xMyAwIDAxMS42IDBMODggNzEuOTF6IiBmaWxsPSIjZTVlN2ViIi8+PHBhdGggZD0iTTg5LjQ4IDUyLjMySDUwLjI5YTQuNTIgNC41MiAwIDAwLTQuNTIgNC41MlY4NGE0LjUzIDQuNTMgMCAwMDQuNTIgNC41MmgzOS4xOUE0LjUyIDQuNTIgMCAwMDk0IDg0VjU2Ljg0YTQuNTIgNC41MiAwIDAwLTQuNTItNC41MnptLTMzLjE2IDUuMjdhNS4yOCA1LjI4IDAgMTEtNS4yNyA1LjI4IDUuMjcgNS4yNyAwIDAxNS4yNy01LjI4ek04OCA4Mi40Nkg1MS44di00LjUybDYuNzQtNi43NGExLjEzIDEuMTMgMCAwMTEuNiAwbDUuMjMgNS4yMyAxMi43Ni0xMi43N2ExLjEzIDEuMTMgMCAwMTEuNiAwTDg4IDcxLjkxeiIgZmlsbD0iI2QxZDVkYiIvPjwvc3ZnPg==\" width=\"540\" height=\"540\" alt=\"\">                <\/div>\n            <\/a>\n        \n        \n        <div class=\"bde-loop-item__wrap ee-post-wrap\">\n            \n                            <h3 class=\"ee-post-title\" >\n                    <a class=\"bde-loop-item__title-link ee-post-title-link\" href=\"https:\/\/james.care\/fr\/senior-fullstack-software-developer-net\/\"  tabindex=\"-1\">\n                        \u00a0D\u00e9veloppeur logiciel senior fullstack .NET\u00a0                    <\/a>\n                <\/h3>\n                            <div class=\"bde-loop-item__post-meta ee-post-meta\">\n                    \n                <\/div>\n                            <div class=\"bde-loop-item__content ee-post-content\">\n                    &nbsp;ilogs healthcare est une entreprise active dans toute l'Europe qui d\u00e9veloppe des solutions num\u00e9riques pour les personnes ayant un besoin accru de s\u00e9curit\u00e9. Nos montres d'appel d'urgence JAMES sauvent des vies chaque jour dans toute l'Europe. Pour le d\u00e9veloppement d'autres produits...                <\/div>\n            \n        \n    \n    \n    \n                            \n            \n                    \n            \n            \n\n    \n    \n    \n    \n                            \n    <a class=\"breakdance-link button-atom button-atom--text bde-loop-item__button ee-post-button\" href=\"https:\/\/james.care\/fr\/senior-fullstack-software-developer-net\/\" target=\"_self\" data-type=\"url\"  aria-label=\"Read more about D\u00e9veloppeur logiciel senior fullstack .NET\u00a0\" >\n\n    \n        <span class=\"button-atom__text\">Lire la suite<\/span>\n\n        \n        \n                <\/a>\n\n    \n\n\n\n\n            \n        <\/div>\n\n    <\/article>\n\n<\/div><\/div><\/div>\n<\/section>","protected":false},"excerpt":{"rendered":"","protected":false},"author":1,"featured_media":0,"parent":0,"menu_order":0,"comment_status":"closed","ping_status":"closed","template":"","meta":{"_acf_changed":false,"_breakdance_hide_in_design_set":false,"_breakdance_tags":"","footnotes":""},"class_list":["post-21923","page","type-page","status-publish","hentry"],"acf":[],"_links":{"self":[{"href":"https:\/\/james.care\/fr\/wp-json\/wp\/v2\/pages\/21923","targetHints":{"allow":["GET"]}}],"collection":[{"href":"https:\/\/james.care\/fr\/wp-json\/wp\/v2\/pages"}],"about":[{"href":"https:\/\/james.care\/fr\/wp-json\/wp\/v2\/types\/page"}],"author":[{"embeddable":true,"href":"https:\/\/james.care\/fr\/wp-json\/wp\/v2\/users\/1"}],"replies":[{"embeddable":true,"href":"https:\/\/james.care\/fr\/wp-json\/wp\/v2\/comments?post=21923"}],"version-history":[{"count":0,"href":"https:\/\/james.care\/fr\/wp-json\/wp\/v2\/pages\/21923\/revisions"}],"wp:attachment":[{"href":"https:\/\/james.care\/fr\/wp-json\/wp\/v2\/media?parent=21923"}],"curies":[{"name":"wp","href":"https:\/\/api.w.org\/{rel}","templated":true}]}}